{"id":1212,"date":"2016-05-10T15:17:09","date_gmt":"2016-05-10T13:17:09","guid":{"rendered":"http:\/\/192.168.2.231\/wp01\/?page_id=1212"},"modified":"2025-11-12T00:09:39","modified_gmt":"2025-11-11T23:09:39","slug":"startseiteninhalt","status":"publish","type":"page","link":"https:\/\/heimatverein-wulfen.de\/wp01\/","title":{"rendered":"Startseiteninhalt"},"content":{"rendered":"\n<div  class=\"tribe-compatibility-container\" >\n\t<div\n\t\t class=\"tribe-common tribe-events tribe-events-view tribe-events-view--widget-events-list tribe-events-widget\" \t\tdata-js=\"tribe-events-view\"\n\t\tdata-view-rest-url=\"https:\/\/heimatverein-wulfen.de\/wp01\/wp-json\/tribe\/views\/v2\/html\"\n\t\tdata-view-manage-url=\"1\"\n\t\t\t\t\t\t\tdata-view-breakpoint-pointer=\"80021d79-f3d4-45bf-8878-4deb8d0d2ffc\"\n\t\t\t>\n\t\t<div class=\"tribe-events-widget-events-list\">\n\n\t\t\t<script type=\"application\/ld+json\">\r\n[{\"@context\":\"http:\/\/schema.org\",\"@type\":\"Event\",\"name\":\"Radtour der Radfahrgruppe\",\"description\":\"&lt;p&gt;Alle 14 Tage (bei sch\\u00f6nem Wetter) bis Oktober&lt;\/p&gt;\\\\n\",\"url\":\"https:\/\/heimatverein-wulfen.de\/wp01\/termine\/radtour-der-radfahrgruppe-14\/\",\"eventAttendanceMode\":\"https:\/\/schema.org\/OfflineEventAttendanceMode\",\"eventStatus\":\"https:\/\/schema.org\/EventScheduled\",\"startDate\":\"2026-04-30T14:00:00+02:00\",\"endDate\":\"2026-04-30T17:00:00+02:00\",\"location\":{\"@type\":\"Place\",\"name\":\"Heimathaus\",\"description\":\"\",\"url\":\"\",\"address\":{\"@type\":\"PostalAddress\",\"streetAddress\":\"Rh\\u00f6nweg 11\",\"addressLocality\":\"Dorsten\",\"postalCode\":\"46286 \",\"addressCountry\":\"Deutschland\"},\"telephone\":\"\",\"sameAs\":\"\"},\"organizer\":{\"@type\":\"Person\",\"name\":\"Heimatverein Wulfen Radfahrgruppe\",\"description\":\"\",\"url\":\"https:\/\/heimatverein-wulfen.de\/wp01\/gruppen\/radfahrgruppe\/\",\"telephone\":\"02369\/3571 und 02369\/22145\",\"email\":\"\",\"sameAs\":\"https:\/\/heimatverein-wulfen.de\/wp01\/gruppen\/radfahrgruppe\/\"},\"performer\":\"Organization\"},{\"@context\":\"http:\/\/schema.org\",\"@type\":\"Event\",\"name\":\"Maifest der Wulfener Vereine\",\"description\":\"\",\"url\":\"https:\/\/heimatverein-wulfen.de\/wp01\/termine\/maifest-der-wulfener-vereine-4\/\",\"eventAttendanceMode\":\"https:\/\/schema.org\/OfflineEventAttendanceMode\",\"eventStatus\":\"https:\/\/schema.org\/EventScheduled\",\"startDate\":\"2026-04-30T18:00:00+02:00\",\"endDate\":\"2026-04-30T18:00:00+02:00\",\"location\":{\"@type\":\"Place\",\"name\":\"Am Wappenbaum\",\"description\":\"\",\"url\":\"\",\"address\":{\"@type\":\"PostalAddress\",\"streetAddress\":\"Hervesterstra\\u00dfe\",\"addressLocality\":\"Dorsten\",\"postalCode\":\"46286\"},\"telephone\":\"\",\"sameAs\":\"\"},\"organizer\":{\"@type\":\"Person\",\"name\":\"Wappenbaumverein Wulfen\",\"description\":\"\",\"url\":\"\",\"telephone\":\"\",\"email\":\"\",\"sameAs\":\"\"},\"performer\":\"Organization\"},{\"@context\":\"http:\/\/schema.org\",\"@type\":\"Event\",\"name\":\"Fr\\u00fchst\\u00fcck am Heimathaus\",\"description\":\"&lt;p&gt;Jeden 2. Dienstag im Monat An- und Abmeldung bei Werner Gohmann (02369 22119)&lt;\/p&gt;\\\\n\",\"url\":\"https:\/\/heimatverein-wulfen.de\/wp01\/termine\/fruehstueck-am-heimathaus-6\/\",\"eventAttendanceMode\":\"https:\/\/schema.org\/OfflineEventAttendanceMode\",\"eventStatus\":\"https:\/\/schema.org\/EventScheduled\",\"startDate\":\"2026-05-12T09:00:00+02:00\",\"endDate\":\"2026-05-12T12:00:00+02:00\",\"location\":{\"@type\":\"Place\",\"name\":\"Heimathaus\",\"description\":\"\",\"url\":\"\",\"address\":{\"@type\":\"PostalAddress\",\"streetAddress\":\"Rh\\u00f6nweg 11\",\"addressLocality\":\"Dorsten\",\"postalCode\":\"46286 \",\"addressCountry\":\"Deutschland\"},\"telephone\":\"\",\"sameAs\":\"\"},\"organizer\":{\"@type\":\"Person\",\"name\":\"Heimatverein Wulfen Fr\\u00fchst\\u00fccksgruppe\",\"description\":\"\",\"url\":\"\",\"telephone\":\"02369 22119\",\"email\":\"\",\"sameAs\":\"\"},\"performer\":\"Organization\"},{\"@context\":\"http:\/\/schema.org\",\"@type\":\"Event\",\"name\":\"Radtour der Radfahrgruppe\",\"description\":\"&lt;p&gt;Alle 14 Tage (bei sch\\u00f6nem Wetter) bis Oktober&lt;\/p&gt;\\\\n\",\"url\":\"https:\/\/heimatverein-wulfen.de\/wp01\/termine\/radtour-der-radfahrgruppe-15\/\",\"eventAttendanceMode\":\"https:\/\/schema.org\/OfflineEventAttendanceMode\",\"eventStatus\":\"https:\/\/schema.org\/EventScheduled\",\"startDate\":\"2026-05-14T14:00:00+02:00\",\"endDate\":\"2026-05-14T17:00:00+02:00\",\"location\":{\"@type\":\"Place\",\"name\":\"Heimathaus\",\"description\":\"\",\"url\":\"\",\"address\":{\"@type\":\"PostalAddress\",\"streetAddress\":\"Rh\\u00f6nweg 11\",\"addressLocality\":\"Dorsten\",\"postalCode\":\"46286 \",\"addressCountry\":\"Deutschland\"},\"telephone\":\"\",\"sameAs\":\"\"},\"organizer\":{\"@type\":\"Person\",\"name\":\"Heimatverein Wulfen Radfahrgruppe\",\"description\":\"\",\"url\":\"https:\/\/heimatverein-wulfen.de\/wp01\/gruppen\/radfahrgruppe\/\",\"telephone\":\"02369\/3571 und 02369\/22145\",\"email\":\"\",\"sameAs\":\"https:\/\/heimatverein-wulfen.de\/wp01\/gruppen\/radfahrgruppe\/\"},\"performer\":\"Organization\"},{\"@context\":\"http:\/\/schema.org\",\"@type\":\"Event\",\"name\":\"Spielenachmittag\",\"description\":\"&lt;p&gt;Jeden 3. Mittwoch im Monat (f\\u00fcr Mitglieder und Nichtmitglieder) Bitte Spiele selber mitbringen! Es werden Kaffe und Pl\\u00e4tzchen angeboten.&lt;\/p&gt;\\\\n\",\"url\":\"https:\/\/heimatverein-wulfen.de\/wp01\/termine\/spielenachmittag-17\/\",\"eventAttendanceMode\":\"https:\/\/schema.org\/OfflineEventAttendanceMode\",\"eventStatus\":\"https:\/\/schema.org\/EventScheduled\",\"startDate\":\"2026-05-20T14:30:00+02:00\",\"endDate\":\"2026-05-20T17:00:00+02:00\",\"location\":{\"@type\":\"Place\",\"name\":\"Heimathaus\",\"description\":\"\",\"url\":\"\",\"address\":{\"@type\":\"PostalAddress\",\"streetAddress\":\"Rh\\u00f6nweg 11\",\"addressLocality\":\"Dorsten\",\"postalCode\":\"46286 \",\"addressCountry\":\"Deutschland\"},\"telephone\":\"\",\"sameAs\":\"\"},\"organizer\":{\"@type\":\"Person\",\"name\":\"Heimatverein Wulfen 1922 e.V.\",\"description\":\"\",\"url\":\"\",\"telephone\":\"\",\"email\":\"\",\"sameAs\":\"\"},\"performer\":\"Organization\"}]\r\n<\/script>\n\t\t\t<script data-js=\"tribe-events-view-data\" type=\"application\/json\">\n\t{\"slug\":\"widget-events-list\",\"prev_url\":\"\",\"next_url\":\"https:\\\/\\\/heimatverein-wulfen.de\\\/wp01\\\/?post_type=tribe_events&eventDisplay=widget-events-list&paged=2\",\"view_class\":\"Tribe\\\\Events\\\\Views\\\\V2\\\\Views\\\\Widgets\\\\Widget_List_View\",\"view_slug\":\"widget-events-list\",\"view_label\":\"View\",\"view\":null,\"should_manage_url\":true,\"id\":null,\"alias-slugs\":null,\"title\":\"Veranstaltungen von April 28 \\u2013 Mai 20 \\u2013 Heimatverein\",\"limit\":\"5\",\"no_upcoming_events\":false,\"featured_events_only\":false,\"jsonld_enable\":true,\"tribe_is_list_widget\":false,\"admin_fields\":{\"title\":{\"label\":\"Titel:\",\"type\":\"text\",\"parent_classes\":\"\",\"classes\":\"\",\"dependency\":\"\",\"id\":\"widget-tribe-widget-events-list--1-title\",\"name\":\"widget-tribe-widget-events-list[-1][title]\",\"options\":[],\"placeholder\":\"\",\"value\":null},\"limit\":{\"label\":\"Anzeige:\",\"type\":\"number\",\"default\":5,\"min\":1,\"max\":10,\"step\":1,\"parent_classes\":\"\",\"classes\":\"\",\"dependency\":\"\",\"id\":\"widget-tribe-widget-events-list--1-limit\",\"name\":\"widget-tribe-widget-events-list[-1][limit]\",\"options\":[],\"placeholder\":\"\",\"value\":null},\"no_upcoming_events\":{\"label\":\"Blenden Sie dieses Widget aus, wenn es keine bevorstehenden Veranstaltungen gibt.\",\"type\":\"checkbox\",\"parent_classes\":\"\",\"classes\":\"\",\"dependency\":\"\",\"id\":\"widget-tribe-widget-events-list--1-no_upcoming_events\",\"name\":\"widget-tribe-widget-events-list[-1][no_upcoming_events]\",\"options\":[],\"placeholder\":\"\",\"value\":null},\"featured_events_only\":{\"label\":\"Nur auf hervorgehobene Veranstaltungen beschr\\u00e4nken\",\"type\":\"checkbox\",\"parent_classes\":\"\",\"classes\":\"\",\"dependency\":\"\",\"id\":\"widget-tribe-widget-events-list--1-featured_events_only\",\"name\":\"widget-tribe-widget-events-list[-1][featured_events_only]\",\"options\":[],\"placeholder\":\"\",\"value\":null},\"jsonld_enable\":{\"label\":\"JSON-LD-Daten generieren\",\"type\":\"checkbox\",\"parent_classes\":\"\",\"classes\":\"\",\"dependency\":\"\",\"id\":\"widget-tribe-widget-events-list--1-jsonld_enable\",\"name\":\"widget-tribe-widget-events-list[-1][jsonld_enable]\",\"options\":[],\"placeholder\":\"\",\"value\":null}},\"events\":[10849,10832,10804,10851,10845],\"url\":\"https:\\\/\\\/heimatverein-wulfen.de\\\/wp01\\\/?post_type=tribe_events&eventDisplay=widget-events-list\",\"url_event_date\":false,\"bar\":{\"keyword\":\"\",\"date\":\"\"},\"today\":\"2026-04-28 00:00:00\",\"now\":\"2026-04-28 13:37:27\",\"home_url\":\"https:\\\/\\\/heimatverein-wulfen.de\\\/wp01\",\"rest_url\":\"https:\\\/\\\/heimatverein-wulfen.de\\\/wp01\\\/wp-json\\\/tribe\\\/views\\\/v2\\\/html\",\"rest_method\":\"GET\",\"rest_nonce\":\"\",\"today_url\":\"https:\\\/\\\/heimatverein-wulfen.de\\\/wp01\\\/?post_type=tribe_events&eventDisplay=widget-events-list&rest_route=%2Fwp%2Fv2%2Fpages%2F1212\",\"today_title\":\"Heutiges Datum ausw\\u00e4hlen\",\"today_label\":\"Heute\",\"prev_label\":\"\",\"next_label\":\"\",\"date_formats\":{\"compact\":\"d\\\/m\\\/Y\",\"month_and_year_compact\":\"m\\\/Y\",\"month_and_year\":\"F Y\",\"time_range_separator\":\" - \",\"date_time_separator\":\",\"},\"messages\":[],\"start_of_week\":\"1\",\"header_title\":\"\",\"header_title_element\":\"h1\",\"content_title\":\"\",\"breadcrumbs\":[],\"backlink\":false,\"before_events\":\"\",\"after_events\":\"\\n<!--\\nThis calendar is powered by The Events Calendar.\\nhttp:\\\/\\\/evnt.is\\\/18wn\\n-->\\n\",\"display_events_bar\":false,\"disable_event_search\":false,\"live_refresh\":true,\"ical\":{\"display_link\":true,\"link\":{\"url\":\"https:\\\/\\\/heimatverein-wulfen.de\\\/wp01\\\/?post_type=tribe_events&#038;eventDisplay=widget-events-list&#038;ical=1\",\"text\":\"Veranstaltungen als iCal exportieren\",\"title\":\"Diese Funktion verwenden, um Kalenderdaten mit Google Kalender, Apple iCal und kompatiblen Apps zu teilen\"}},\"container_classes\":[\"tribe-common\",\"tribe-events\",\"tribe-events-view\",\"tribe-events-view--widget-events-list\",\"tribe-events-widget\"],\"container_data\":[],\"is_past\":false,\"breakpoints\":{\"xsmall\":500,\"medium\":768,\"full\":960},\"breakpoint_pointer\":\"80021d79-f3d4-45bf-8878-4deb8d0d2ffc\",\"is_initial_load\":false,\"public_views\":{\"list\":{\"view_class\":\"Tribe\\\\Events\\\\Views\\\\V2\\\\Views\\\\List_View\",\"view_url\":\"https:\\\/\\\/heimatverein-wulfen.de\\\/wp01\\\/termine\\\/liste\\\/\",\"view_label\":\"Liste\",\"aria_label\":\"Display Veranstaltungen in Liste View\"},\"month\":{\"view_class\":\"Tribe\\\\Events\\\\Views\\\\V2\\\\Views\\\\Month_View\",\"view_url\":\"https:\\\/\\\/heimatverein-wulfen.de\\\/wp01\\\/termine\\\/monat\\\/\",\"view_label\":\"Monat\",\"aria_label\":\"Display Veranstaltungen in Monat View\"},\"day\":{\"view_class\":\"Tribe\\\\Events\\\\Views\\\\V2\\\\Views\\\\Day_View\",\"view_url\":\"https:\\\/\\\/heimatverein-wulfen.de\\\/wp01\\\/termine\\\/heute\\\/\",\"view_label\":\"Tag\",\"aria_label\":\"Display Veranstaltungen in Tag View\"}},\"show_latest_past\":false,\"past\":false,\"compatibility_classes\":[\"tribe-compatibility-container\"],\"view_more_text\":\"Kalender anzeigen\",\"view_more_title\":\"Weitere anzeigen Veranstaltungen.\",\"view_more_link\":\"https:\\\/\\\/heimatverein-wulfen.de\\\/wp01\\\/termine\\\/\",\"widget_title\":\"Unsere n\\u00e4chsten Veranstaltungen\",\"hide_if_no_upcoming_events\":false,\"display\":[],\"subscribe_links\":{\"gcal\":{\"label\":\"Google Kalender\",\"single_label\":\"Zum Google Kalender hinzuf\\u00fcgen\",\"visible\":true,\"block_slug\":\"hasGoogleCalendar\"},\"ical\":{\"label\":\"iCalendar\",\"single_label\":\"Zu iCalendar hinzuf\\u00fcgen\",\"visible\":true,\"block_slug\":\"hasiCal\"},\"outlook-365\":{\"label\":\"Outlook 365\",\"single_label\":\"Outlook 365\",\"visible\":true,\"block_slug\":\"hasOutlook365\"},\"outlook-live\":{\"label\":\"Outlook Live\",\"single_label\":\"Outlook Live\",\"visible\":true,\"block_slug\":\"hasOutlookLive\"},\"ics\":{\"label\":\".ics Datei exportieren\",\"single_label\":\".ics Datei exportieren\",\"visible\":true,\"block_slug\":null},\"outlook-ics\":{\"label\":\"Exportiere Outlook .ics Datei\",\"single_label\":\"Exportiere Outlook .ics Datei\",\"visible\":true,\"block_slug\":null}},\"_context\":{\"slug\":\"widget-events-list\"}}<\/script>\n\n\t\t\t\t\t\t\t<header class=\"tribe-events-widget-events-list__header\">\n\t\t\t\t\t<h2 class=\"tribe-events-widget-events-list__header-title tribe-common-h6 tribe-common-h--alt\">\n\t\t\t\t\t\tUnsere n\u00e4chsten Veranstaltungen\t\t\t\t\t<\/h2>\n\t\t\t\t<\/header>\n\t\t\t\n\t\t\t\n\t\t\t\t<div class=\"tribe-events-widget-events-list__events\">\n\t\t\t\t\t\t\t\t\t\t\t<div  class=\"tribe-common-g-row tribe-events-widget-events-list__event-row\" >\n\n\t<div class=\"tribe-events-widget-events-list__event-date-tag tribe-common-g-col\">\n\t<time class=\"tribe-events-widget-events-list__event-date-tag-datetime\" datetime=\"2026-04-30\">\n\t\t<span class=\"tribe-events-widget-events-list__event-date-tag-month\">\n\t\t\tApr.\t\t<\/span>\n\t\t<span class=\"tribe-events-widget-events-list__event-date-tag-daynum tribe-common-h2 tribe-common-h4--min-medium\">\n\t\t\t30\t\t<\/span>\n\t<\/time>\n<\/div>\n\n\t<div class=\"tribe-events-widget-events-list__event-wrapper tribe-common-g-col\">\n\t\t<article  class=\"tribe-events-widget-events-list__event post-10849 tribe_events type-tribe_events status-publish hentry\" >\n\t\t\t<div class=\"tribe-events-widget-events-list__event-details\">\n\n\t\t\t\t<header class=\"tribe-events-widget-events-list__event-header\">\n\t\t\t\t\t<div class=\"tribe-events-widget-events-list__event-datetime-wrapper tribe-common-b2 tribe-common-b3--min-medium\">\n\t\t<time class=\"tribe-events-widget-events-list__event-datetime\" datetime=\"2026-04-30\">\n\t\t<span class=\"tribe-event-date-start\">14:00<\/span> &#8211; <span class=\"tribe-event-time\">17:00<\/span>\t<\/time>\n\t<\/div>\n\t\t\t\t\t<h3 class=\"tribe-events-widget-events-list__event-title tribe-common-h7\">\n\t<a\n\t\thref=\"https:\/\/heimatverein-wulfen.de\/wp01\/termine\/radtour-der-radfahrgruppe-14\/\"\n\t\ttitle=\"Radtour der Radfahrgruppe\"\n\t\trel=\"bookmark\"\n\t\tclass=\"tribe-events-widget-events-list__event-title-link tribe-common-anchor-thin\"\n\t>\n\t\tRadtour der Radfahrgruppe\t<\/a>\n<\/h3>\n\t\t\t\t<\/header>\n\n\t\t\t\t\n\t\t\t<\/div>\n\t\t<\/article>\n\t<\/div>\n\n<\/div>\n\t\t\t\t\t\t\t\t\t\t\t<div  class=\"tribe-common-g-row tribe-events-widget-events-list__event-row\" >\n\n\t<div class=\"tribe-events-widget-events-list__event-date-tag tribe-common-g-col\">\n\t<time class=\"tribe-events-widget-events-list__event-date-tag-datetime\" datetime=\"2026-04-30\">\n\t\t<span class=\"tribe-events-widget-events-list__event-date-tag-month\">\n\t\t\tApr.\t\t<\/span>\n\t\t<span class=\"tribe-events-widget-events-list__event-date-tag-daynum tribe-common-h2 tribe-common-h4--min-medium\">\n\t\t\t30\t\t<\/span>\n\t<\/time>\n<\/div>\n\n\t<div class=\"tribe-events-widget-events-list__event-wrapper tribe-common-g-col\">\n\t\t<article  class=\"tribe-events-widget-events-list__event post-10832 tribe_events type-tribe_events status-publish hentry\" >\n\t\t\t<div class=\"tribe-events-widget-events-list__event-details\">\n\n\t\t\t\t<header class=\"tribe-events-widget-events-list__event-header\">\n\t\t\t\t\t<div class=\"tribe-events-widget-events-list__event-datetime-wrapper tribe-common-b2 tribe-common-b3--min-medium\">\n\t\t<time class=\"tribe-events-widget-events-list__event-datetime\" datetime=\"2026-04-30\">\n\t\t<span class=\"tribe-event-date-start\">18:00<\/span>\t<\/time>\n\t<\/div>\n\t\t\t\t\t<h3 class=\"tribe-events-widget-events-list__event-title tribe-common-h7\">\n\t<a\n\t\thref=\"https:\/\/heimatverein-wulfen.de\/wp01\/termine\/maifest-der-wulfener-vereine-4\/\"\n\t\ttitle=\"Maifest der Wulfener Vereine\"\n\t\trel=\"bookmark\"\n\t\tclass=\"tribe-events-widget-events-list__event-title-link tribe-common-anchor-thin\"\n\t>\n\t\tMaifest der Wulfener Vereine\t<\/a>\n<\/h3>\n\t\t\t\t<\/header>\n\n\t\t\t\t\n\t\t\t<\/div>\n\t\t<\/article>\n\t<\/div>\n\n<\/div>\n\t\t\t\t\t\t\t\t\t\t\t<div  class=\"tribe-common-g-row tribe-events-widget-events-list__event-row\" >\n\n\t<div class=\"tribe-events-widget-events-list__event-date-tag tribe-common-g-col\">\n\t<time class=\"tribe-events-widget-events-list__event-date-tag-datetime\" datetime=\"2026-05-12\">\n\t\t<span class=\"tribe-events-widget-events-list__event-date-tag-month\">\n\t\t\tMai\t\t<\/span>\n\t\t<span class=\"tribe-events-widget-events-list__event-date-tag-daynum tribe-common-h2 tribe-common-h4--min-medium\">\n\t\t\t12\t\t<\/span>\n\t<\/time>\n<\/div>\n\n\t<div class=\"tribe-events-widget-events-list__event-wrapper tribe-common-g-col\">\n\t\t<article  class=\"tribe-events-widget-events-list__event post-10804 tribe_events type-tribe_events status-publish hentry\" >\n\t\t\t<div class=\"tribe-events-widget-events-list__event-details\">\n\n\t\t\t\t<header class=\"tribe-events-widget-events-list__event-header\">\n\t\t\t\t\t<div class=\"tribe-events-widget-events-list__event-datetime-wrapper tribe-common-b2 tribe-common-b3--min-medium\">\n\t\t<time class=\"tribe-events-widget-events-list__event-datetime\" datetime=\"2026-05-12\">\n\t\t<span class=\"tribe-event-date-start\">9:00<\/span> &#8211; <span class=\"tribe-event-time\">12:00<\/span>\t<\/time>\n\t<\/div>\n\t\t\t\t\t<h3 class=\"tribe-events-widget-events-list__event-title tribe-common-h7\">\n\t<a\n\t\thref=\"https:\/\/heimatverein-wulfen.de\/wp01\/termine\/fruehstueck-am-heimathaus-6\/\"\n\t\ttitle=\"Fr\u00fchst\u00fcck am Heimathaus\"\n\t\trel=\"bookmark\"\n\t\tclass=\"tribe-events-widget-events-list__event-title-link tribe-common-anchor-thin\"\n\t>\n\t\tFr\u00fchst\u00fcck am Heimathaus\t<\/a>\n<\/h3>\n\t\t\t\t<\/header>\n\n\t\t\t\t\n\t\t\t<\/div>\n\t\t<\/article>\n\t<\/div>\n\n<\/div>\n\t\t\t\t\t\t\t\t\t\t\t<div  class=\"tribe-common-g-row tribe-events-widget-events-list__event-row\" >\n\n\t<div class=\"tribe-events-widget-events-list__event-date-tag tribe-common-g-col\">\n\t<time class=\"tribe-events-widget-events-list__event-date-tag-datetime\" datetime=\"2026-05-14\">\n\t\t<span class=\"tribe-events-widget-events-list__event-date-tag-month\">\n\t\t\tMai\t\t<\/span>\n\t\t<span class=\"tribe-events-widget-events-list__event-date-tag-daynum tribe-common-h2 tribe-common-h4--min-medium\">\n\t\t\t14\t\t<\/span>\n\t<\/time>\n<\/div>\n\n\t<div class=\"tribe-events-widget-events-list__event-wrapper tribe-common-g-col\">\n\t\t<article  class=\"tribe-events-widget-events-list__event post-10851 tribe_events type-tribe_events status-publish hentry\" >\n\t\t\t<div class=\"tribe-events-widget-events-list__event-details\">\n\n\t\t\t\t<header class=\"tribe-events-widget-events-list__event-header\">\n\t\t\t\t\t<div class=\"tribe-events-widget-events-list__event-datetime-wrapper tribe-common-b2 tribe-common-b3--min-medium\">\n\t\t<time class=\"tribe-events-widget-events-list__event-datetime\" datetime=\"2026-05-14\">\n\t\t<span class=\"tribe-event-date-start\">14:00<\/span> &#8211; <span class=\"tribe-event-time\">17:00<\/span>\t<\/time>\n\t<\/div>\n\t\t\t\t\t<h3 class=\"tribe-events-widget-events-list__event-title tribe-common-h7\">\n\t<a\n\t\thref=\"https:\/\/heimatverein-wulfen.de\/wp01\/termine\/radtour-der-radfahrgruppe-15\/\"\n\t\ttitle=\"Radtour der Radfahrgruppe\"\n\t\trel=\"bookmark\"\n\t\tclass=\"tribe-events-widget-events-list__event-title-link tribe-common-anchor-thin\"\n\t>\n\t\tRadtour der Radfahrgruppe\t<\/a>\n<\/h3>\n\t\t\t\t<\/header>\n\n\t\t\t\t\n\t\t\t<\/div>\n\t\t<\/article>\n\t<\/div>\n\n<\/div>\n\t\t\t\t\t\t\t\t\t\t\t<div  class=\"tribe-common-g-row tribe-events-widget-events-list__event-row\" >\n\n\t<div class=\"tribe-events-widget-events-list__event-date-tag tribe-common-g-col\">\n\t<time class=\"tribe-events-widget-events-list__event-date-tag-datetime\" datetime=\"2026-05-20\">\n\t\t<span class=\"tribe-events-widget-events-list__event-date-tag-month\">\n\t\t\tMai\t\t<\/span>\n\t\t<span class=\"tribe-events-widget-events-list__event-date-tag-daynum tribe-common-h2 tribe-common-h4--min-medium\">\n\t\t\t20\t\t<\/span>\n\t<\/time>\n<\/div>\n\n\t<div class=\"tribe-events-widget-events-list__event-wrapper tribe-common-g-col\">\n\t\t<article  class=\"tribe-events-widget-events-list__event post-10845 tribe_events type-tribe_events status-publish hentry\" >\n\t\t\t<div class=\"tribe-events-widget-events-list__event-details\">\n\n\t\t\t\t<header class=\"tribe-events-widget-events-list__event-header\">\n\t\t\t\t\t<div class=\"tribe-events-widget-events-list__event-datetime-wrapper tribe-common-b2 tribe-common-b3--min-medium\">\n\t\t<time class=\"tribe-events-widget-events-list__event-datetime\" datetime=\"2026-05-20\">\n\t\t<span class=\"tribe-event-date-start\">14:30<\/span> &#8211; <span class=\"tribe-event-time\">17:00<\/span>\t<\/time>\n\t<\/div>\n\t\t\t\t\t<h3 class=\"tribe-events-widget-events-list__event-title tribe-common-h7\">\n\t<a\n\t\thref=\"https:\/\/heimatverein-wulfen.de\/wp01\/termine\/spielenachmittag-17\/\"\n\t\ttitle=\"Spielenachmittag\"\n\t\trel=\"bookmark\"\n\t\tclass=\"tribe-events-widget-events-list__event-title-link tribe-common-anchor-thin\"\n\t>\n\t\tSpielenachmittag\t<\/a>\n<\/h3>\n\t\t\t\t<\/header>\n\n\t\t\t\t\n\t\t\t<\/div>\n\t\t<\/article>\n\t<\/div>\n\n<\/div>\n\t\t\t\t\t\t\t\t\t<\/div>\n\n\t\t\t\t<div class=\"tribe-events-widget-events-list__view-more tribe-common-b1 tribe-common-b2--min-medium\">\n\t<a\n\t\thref=\"https:\/\/heimatverein-wulfen.de\/wp01\/termine\/\"\n\t\tclass=\"tribe-events-widget-events-list__view-more-link tribe-common-anchor-thin\"\n\t\ttitle=\"Weitere anzeigen Veranstaltungen.\"\n\t>\n\t\tKalender anzeigen\t<\/a>\n<\/div>\n\n\t\t\t\t\t<\/div>\n\t<\/div>\n<\/div>\n<script data-js='tribe-events-view-nonce-data' type='application\/json'>{\"tvn1\":\"cdeb9b30c3\",\"tvn2\":\"\"}<\/script>\n\n\n\n<figure class=\"wp-block-image size-large\"><a href=\"https:\/\/heimatverein-wulfen.de\/wp01\/wp-content\/uploads\/2022\/09\/HVW_2022_09_GruFo_002-scaled.jpg\" rel=\"lightbox[1212]\"><img loading=\"lazy\" decoding=\"async\" width=\"1024\" height=\"462\" src=\"https:\/\/heimatverein-wulfen.de\/wp01\/wp-content\/uploads\/2022\/09\/HVW_2022_09_GruFo_002-1024x462.jpg\" alt=\"\" class=\"wp-image-9560\" srcset=\"https:\/\/heimatverein-wulfen.de\/wp01\/wp-content\/uploads\/2022\/09\/HVW_2022_09_GruFo_002-1024x462.jpg 1024w, https:\/\/heimatverein-wulfen.de\/wp01\/wp-content\/uploads\/2022\/09\/HVW_2022_09_GruFo_002-300x135.jpg 300w, https:\/\/heimatverein-wulfen.de\/wp01\/wp-content\/uploads\/2022\/09\/HVW_2022_09_GruFo_002-768x347.jpg 768w, https:\/\/heimatverein-wulfen.de\/wp01\/wp-content\/uploads\/2022\/09\/HVW_2022_09_GruFo_002-1536x694.jpg 1536w, https:\/\/heimatverein-wulfen.de\/wp01\/wp-content\/uploads\/2022\/09\/HVW_2022_09_GruFo_002-2048x925.jpg 2048w\" sizes=\"auto, (max-width: 1024px) 100vw, 1024px\" \/><\/a><\/figure>\n\n\n\n<p class=\"has-medium-font-size\">Der Heimatverein Wulfen 1922 e.V. bedankt sich bei der Wulfener Bev\u00f6lkerung, bei allen Vereinen, Verb\u00e4nden und Abordnungen sowie bei allen Freunden und G\u00f6nnern des Vereins f\u00fcr die Unterst\u00fctzung bei der Vorbereitung und Durchf\u00fchrung unseres Vereinsjubil\u00e4ums!<\/p>\n\n\n\n<p class=\"has-medium-font-size\">DANKE f\u00fcr den Besuch, f\u00fcr die Gl\u00fcckw\u00fcnsche, Geld-&nbsp; und Sachgeschenke zum 100j\u00e4hrigen Vereinsjubil\u00e4um!<\/p>\n\n\n\n<p class=\"has-medium-font-size\">Wulfen im Oktober 2022<br>Mitglieder und Vorstand<\/p>\n\n\n\n<p class=\"has-medium-font-size\">Folgender LINK f\u00fchrt zu &#8222;Impressionen zum Jubil\u00e4um&#8220; <a href=\"https:\/\/heimatverein-wulfen.de\/wp01\/ueber-uns\/jubilaeum-100-jahre\/\">https:\/\/heimatverein-wulfen.de\/wp01\/ueber-uns\/jubilaeum-100-jahre\/<\/a><\/p>\n\n\n<div class=\"wp-block-image\">\n<figure class=\"alignleft size-large\"><a href=\"https:\/\/youtu.be\/z06_EUxi6Eg\"><img loading=\"lazy\" decoding=\"async\" width=\"1024\" height=\"341\" src=\"https:\/\/heimatverein-wulfen.de\/wp01\/wp-content\/uploads\/2022\/07\/Heimatverein-Wulfen-100-Jahre-Gruppenfoto-Mai-2022-FotoBludau-A1_klein-1024x341.jpg\" alt=\"\" class=\"wp-image-8999\" srcset=\"https:\/\/heimatverein-wulfen.de\/wp01\/wp-content\/uploads\/2022\/07\/Heimatverein-Wulfen-100-Jahre-Gruppenfoto-Mai-2022-FotoBludau-A1_klein-1024x341.jpg 1024w, https:\/\/heimatverein-wulfen.de\/wp01\/wp-content\/uploads\/2022\/07\/Heimatverein-Wulfen-100-Jahre-Gruppenfoto-Mai-2022-FotoBludau-A1_klein-300x100.jpg 300w, https:\/\/heimatverein-wulfen.de\/wp01\/wp-content\/uploads\/2022\/07\/Heimatverein-Wulfen-100-Jahre-Gruppenfoto-Mai-2022-FotoBludau-A1_klein-768x256.jpg 768w, https:\/\/heimatverein-wulfen.de\/wp01\/wp-content\/uploads\/2022\/07\/Heimatverein-Wulfen-100-Jahre-Gruppenfoto-Mai-2022-FotoBludau-A1_klein-1140x380.jpg 1140w, https:\/\/heimatverein-wulfen.de\/wp01\/wp-content\/uploads\/2022\/07\/Heimatverein-Wulfen-100-Jahre-Gruppenfoto-Mai-2022-FotoBludau-A1_klein-380x127.jpg 380w, https:\/\/heimatverein-wulfen.de\/wp01\/wp-content\/uploads\/2022\/07\/Heimatverein-Wulfen-100-Jahre-Gruppenfoto-Mai-2022-FotoBludau-A1_klein.jpg 1400w\" sizes=\"auto, (max-width: 1024px) 100vw, 1024px\" \/><\/a><\/figure>\n<\/div>\n\n\n<p class=\"has-medium-font-size\">Klick auf Fotoaufnahme f\u00fchrt zum Film<\/p>\n\n\n\n<p><\/p>\n\n\n\n<p class=\"has-large-font-size\">Sponsoring-Partner<\/p>\n\n\n\n<p class=\"has-text-align-left\"><\/p>\n\n\n<div class=\"wp-block-image\">\n<figure class=\"alignleft size-medium is-resized\"><a href=\"https:\/\/heimatverein-wulfen.de\/wp01\/wp-content\/uploads\/2022\/01\/Vereinte-Volksbank-eG_Logo_004.jpg\" rel=\"lightbox[1212]\"><img loading=\"lazy\" decoding=\"async\" width=\"300\" height=\"69\" src=\"https:\/\/heimatverein-wulfen.de\/wp01\/wp-content\/uploads\/2022\/01\/Vereinte-Volksbank-eG_Logo_004-300x69.jpg\" alt=\"\" class=\"wp-image-8700\" style=\"width:225px;height:52px\" srcset=\"https:\/\/heimatverein-wulfen.de\/wp01\/wp-content\/uploads\/2022\/01\/Vereinte-Volksbank-eG_Logo_004-300x69.jpg 300w, https:\/\/heimatverein-wulfen.de\/wp01\/wp-content\/uploads\/2022\/01\/Vereinte-Volksbank-eG_Logo_004-380x89.jpg 380w, https:\/\/heimatverein-wulfen.de\/wp01\/wp-content\/uploads\/2022\/01\/Vereinte-Volksbank-eG_Logo_004.jpg 389w\" sizes=\"auto, (max-width: 300px) 100vw, 300px\" \/><\/a><\/figure>\n<\/div>\n\n<div class=\"wp-block-image\">\n<figure class=\"alignleft size-full is-resized\"><a href=\"http:\/\/www.humbert.de\/\" target=\"_blank\" rel=\"noreferrer noopener\"><img loading=\"lazy\" decoding=\"async\" width=\"500\" height=\"110\" src=\"https:\/\/heimatverein-wulfen.de\/wp01\/wp-content\/uploads\/2022\/09\/LOGO_Humbert_001.jpg\" alt=\"\" class=\"wp-image-9567\" style=\"width:250px;height:55px\" srcset=\"https:\/\/heimatverein-wulfen.de\/wp01\/wp-content\/uploads\/2022\/09\/LOGO_Humbert_001.jpg 500w, https:\/\/heimatverein-wulfen.de\/wp01\/wp-content\/uploads\/2022\/09\/LOGO_Humbert_001-300x66.jpg 300w\" sizes=\"auto, (max-width: 500px) 100vw, 500px\" \/><\/a><\/figure>\n<\/div>\n\n<div class=\"wp-block-image\">\n<figure class=\"alignleft size-full is-resized\"><a href=\"https:\/\/heimatverein-wulfen.de\/wp01\/wp-content\/uploads\/2022\/09\/Logo_Sparkasse_001.jpg\" rel=\"lightbox[1212]\"><img loading=\"lazy\" decoding=\"async\" width=\"351\" height=\"96\" src=\"https:\/\/heimatverein-wulfen.de\/wp01\/wp-content\/uploads\/2022\/09\/Logo_Sparkasse_001.jpg\" alt=\"\" class=\"wp-image-9568\" style=\"width:263px;height:72px\" srcset=\"https:\/\/heimatverein-wulfen.de\/wp01\/wp-content\/uploads\/2022\/09\/Logo_Sparkasse_001.jpg 351w, https:\/\/heimatverein-wulfen.de\/wp01\/wp-content\/uploads\/2022\/09\/Logo_Sparkasse_001-300x82.jpg 300w\" sizes=\"auto, (max-width: 351px) 100vw, 351px\" \/><\/a><\/figure>\n<\/div>\n\n\n<figure class=\"wp-block-image size-large is-resized\"><img loading=\"lazy\" decoding=\"async\" width=\"853\" height=\"1024\" src=\"https:\/\/heimatverein-wulfen.de\/wp01\/wp-content\/uploads\/2023\/09\/Dorstendankt-853x1024.jpg\" alt=\"\" class=\"wp-image-10359\" style=\"object-fit:cover;width:150px;height:165px\" srcset=\"https:\/\/heimatverein-wulfen.de\/wp01\/wp-content\/uploads\/2023\/09\/Dorstendankt-853x1024.jpg 853w, https:\/\/heimatverein-wulfen.de\/wp01\/wp-content\/uploads\/2023\/09\/Dorstendankt-250x300.jpg 250w, https:\/\/heimatverein-wulfen.de\/wp01\/wp-content\/uploads\/2023\/09\/Dorstendankt-768x921.jpg 768w, https:\/\/heimatverein-wulfen.de\/wp01\/wp-content\/uploads\/2023\/09\/Dorstendankt.jpg 1181w\" sizes=\"auto, (max-width: 853px) 100vw, 853px\" \/><\/figure>\n\n\n\n<p><\/p>\n","protected":false},"excerpt":{"rendered":"<p>Der Heimatverein Wulfen 1922 e.V. bedankt sich bei der Wulfener Bev\u00f6lkerung, bei allen Vereinen, Verb\u00e4nden und Abordnungen sowie bei allen Freunden und G\u00f6nnern des Vereins f\u00fcr die Unterst\u00fctzung bei der<\/p>\n<p><a href=\"https:\/\/heimatverein-wulfen.de\/wp01\/\" class=\"more-link themebutton\">Read More<\/a><\/p>\n","protected":false},"author":6,"featured_media":0,"parent":0,"menu_order":0,"comment_status":"closed","ping_status":"closed","template":"","meta":{"_cbd_carousel_blocks":"[]","footnotes":""},"class_list":["post-1212","page","type-page","status-publish","hentry"],"publishpress_future_action":{"enabled":false,"date":"2026-05-05 13:37:28","action":"change-status","newStatus":"draft","terms":[],"taxonomy":"","extraData":[]},"publishpress_future_workflow_manual_trigger":{"enabledWorkflows":[]},"_links":{"self":[{"href":"https:\/\/heimatverein-wulfen.de\/wp01\/wp-json\/wp\/v2\/pages\/1212","targetHints":{"allow":["GET"]}}],"collection":[{"href":"https:\/\/heimatverein-wulfen.de\/wp01\/wp-json\/wp\/v2\/pages"}],"about":[{"href":"https:\/\/heimatverein-wulfen.de\/wp01\/wp-json\/wp\/v2\/types\/page"}],"author":[{"embeddable":true,"href":"https:\/\/heimatverein-wulfen.de\/wp01\/wp-json\/wp\/v2\/users\/6"}],"replies":[{"embeddable":true,"href":"https:\/\/heimatverein-wulfen.de\/wp01\/wp-json\/wp\/v2\/comments?post=1212"}],"version-history":[{"count":207,"href":"https:\/\/heimatverein-wulfen.de\/wp01\/wp-json\/wp\/v2\/pages\/1212\/revisions"}],"predecessor-version":[{"id":11328,"href":"https:\/\/heimatverein-wulfen.de\/wp01\/wp-json\/wp\/v2\/pages\/1212\/revisions\/11328"}],"wp:attachment":[{"href":"https:\/\/heimatverein-wulfen.de\/wp01\/wp-json\/wp\/v2\/media?parent=1212"}],"curies":[{"name":"wp","href":"https:\/\/api.w.org\/{rel}","templated":true}]}}