{"id":2538,"date":"2017-01-16T10:38:46","date_gmt":"2017-01-16T09:38:46","guid":{"rendered":"https:\/\/heimatverein-wulfen.de\/wp01\/?page_id=2538"},"modified":"2021-02-01T23:52:02","modified_gmt":"2021-02-01T22:52:02","slug":"gemeinschaftsgrab","status":"publish","type":"page","link":"https:\/\/heimatverein-wulfen.de\/wp01\/gemeinschaftsgrab\/","title":{"rendered":"Gemeinschaftsgrab"},"content":{"rendered":"\n<h2 class=\"wp-block-heading\">Gemeinschaftsgrab 22. M\u00e4rz 1945<\/h2>\n\n\n\n<div class=\"wp-block-image\"><figure class=\"alignleft size-large is-resized\"><a href=\"https:\/\/heimatverein-wulfen.de\/wp01\/wp-content\/uploads\/2021\/02\/Gemeinschaftsgrab_022.jpg\" rel=\"lightbox[2538]\"><img loading=\"lazy\" decoding=\"async\" src=\"https:\/\/heimatverein-wulfen.de\/wp01\/wp-content\/uploads\/2021\/02\/Gemeinschaftsgrab_022.jpg\" alt=\"\" class=\"wp-image-8082\" width=\"450\" height=\"338\" srcset=\"https:\/\/heimatverein-wulfen.de\/wp01\/wp-content\/uploads\/2021\/02\/Gemeinschaftsgrab_022.jpg 900w, https:\/\/heimatverein-wulfen.de\/wp01\/wp-content\/uploads\/2021\/02\/Gemeinschaftsgrab_022-300x225.jpg 300w, https:\/\/heimatverein-wulfen.de\/wp01\/wp-content\/uploads\/2021\/02\/Gemeinschaftsgrab_022-768x576.jpg 768w\" sizes=\"auto, (max-width: 450px) 100vw, 450px\" \/><\/a><\/figure><\/div>\n\n\n\n<p class=\"has-text-align-left has-medium-font-size\">Gemeinschaftsgrab in neuem Glanz<\/p>\n\n\n\n<p class=\"has-medium-font-size\">Die Zeit hatte an dem Gemeinschaftsgrab f\u00fcr die 23 Opfer des Bombenangriffs auf Wulfen vom 22. M\u00e4rz 1945 deutliche Spuren hinterlassen. Im M\u00e4rz 2015, anl\u00e4sslich des 70. Jahrestages der Bombardierung Wulfens, hat sich der Heimatverein Wulfen verpflichtet, auf Dauer die Pflege dieser Gedenkst\u00e4tte zu \u00fcbernehmen.<\/p>\n\n\n\n<p class=\"has-medium-font-size\">In Abstimmung mit der Kirchengemeinde St. Matth\u00e4us und dem Volksbund Deutsche Kriegsgr\u00e4berf\u00fcrsorge e.V. wurde das Grab neu gestaltet.<\/p>\n\n\n\n<p class=\"has-medium-font-size\">Unterst\u00fctzt wurde der Heimatverein dabei unentgeltlich durch die Wulfener Baumschule von Dieter Stadtmann. Es wurde die alte Hecke entfernt und das Grab neu eingefasst. Das Grab wurde neu bepflanzt. Des Weiteren wurde ein Steinmetz aus Coesfeld beauftragt, der die Gedenkstele aus Ibbenb\u00fcrener Sandstein auffrischte. Steinmetz Karl Heilkenbrinker und sein Praktikant Ronny Randau hatten mehrere Stunden damit zu tun, Moose, Flechten und Algen zu entfernen. Au\u00dferdem mussten die durch Frostsch\u00e4den abgeplatzten Teile wieder angeklebt werden. Abschlie\u00dfend wurde noch die obere Abdeckplatte erneuert, damit in Zukunft das Regenwasser dem Sandstein nicht mehr so stark zusetzten kann.<\/p>\n\n\n\n<p class=\"has-medium-font-size\">Mit der Neugestaltung wurde f\u00fcr Friedhofsbesucher eine Bank zum Verweilen aufgestellt. Die Kosten daf\u00fcr werden von der Kirchengemeinde St. Matth\u00e4us \u00fcbernommen.<\/p>\n\n\n\n<h3 class=\"wp-block-heading\">22. M\u00e4rz 1945 Tag der Bombardierung Wulfens<\/h3>\n\n\n\n<div class=\"wp-block-image\"><figure class=\"alignleft\"><a href=\"https:\/\/heimatverein-wulfen.de\/wp01\/wp-content\/uploads\/2017\/01\/Gemeinschaftsgrab_023-e1484563897994.jpg\" rel=\"lightbox[2538]\"><img loading=\"lazy\" decoding=\"async\" width=\"300\" height=\"205\" src=\"https:\/\/heimatverein-wulfen.de\/wp01\/wp-content\/uploads\/2017\/01\/Gemeinschaftsgrab_023-300x205.jpg\" alt=\"\" class=\"wp-image-2562\"\/><\/a><\/figure><\/div>\n\n\n\n<p class=\"has-medium-font-size\">Der 22. M\u00e4rz 1945 wird Wulfens Schicksalstag.<\/p>\n\n\n\n<p class=\"has-medium-font-size\">Morgens, um 10:10 Uhr werden bei einem Angriff eines amerikanischen Bomberverbandes vier Bombenteppiche \u00fcber das Dorf gelegt;<br>der erste trifft das Dorf und die Kirche,<br>der zweite den Bahnhof,<br>der dritte den neuen Friedhof und<br>der vierte die H\u00e4user Auf der Koppel.<\/p>\n\n\n\n<p class=\"has-medium-font-size\">Insgesamt werden von etwa 125 Sprengbomben von 5 bis 10 Zentnern Gewicht au\u00dfer der Kirche 15 H\u00e4user total zerst\u00f6rt, 7 weitere m\u00fcssen sofort ger\u00e4umt werden und 12 andere erhalten schwere Besch\u00e4digungen. Insgesamt fordert der Angriff 23 Todesopfer. 22 Opfer der Bombenkatastrophe werden unter gro\u00dfer Anteilnahme der Bev\u00f6lkerung am 25.3., Palmsonntag 1945, auf dem ebenfalls von Bomben getroffenen, verw\u00fcsteten Friedhof gemeinschaftlich in einem als Grab dienenden Bombentrichter beigesetzt.<\/p>\n\n\n\n<p class=\"has-medium-font-size\">Buch: &#8222;Kriegskinder, Dorstener Zeitzeugen erz\u00e4hlen&#8220;<\/p>\n\n\n\n<p class=\"has-medium-font-size\">Im Buch \u201eKriegskinder, Dorstener Zeitzeugen erz\u00e4hlen\u201c schildert ein \u00dcberlebender diesen 22. M\u00e4rz mit den Worten:<\/p>\n\n\n\n<p class=\"has-medium-font-size\">&#8222;Es war Donnerstag der 22. M\u00e4rz 1945 ein herrlicher Fr\u00fchlingstag, der f\u00fcr viele Wulfener Familien schrecklich endete.<\/p>\n\n\n\n<p class=\"has-medium-font-size\">Meine Eltern und wir 5 Kinder wohnten direkt an der Matth\u00e4uskirche im Hause der Familie Stolbrink. Von unserem Vater, der als Soldat in S\u00fcdfrankreich war, hatten wir schon seit einigen Monaten keine Nachricht mehr erhalten. So musste unsere Mutter uns 5 Kinder alleine versorgen und sich um alles k\u00fcmmern. Unterst\u00fctzung erhielten wir durch Familie Stolbrink. Insbesondere deren 19j\u00e4hrige Tochter Hilde k\u00fcmmerte sich immer wieder um uns und unsere Familie.<\/p>\n\n\n\n<p class=\"has-medium-font-size\">Unser Bruder ging fr\u00fchmorgens zu den Nonnen ins Wulfener Schwesternhaus. Ich schob meine zweieinhalbj\u00e4hrige Schwester in einem Handkarren durch das Dorf. Unsere Mutter hatte uns gebeten, bei Sirenenalarm sofort nach Hause zu kommen. Bei einsetzendem Voralarm bin ich dann sofort nach Hause gelaufen und wir (meine Mutter, zwei Br\u00fcder, meine Schwester und ich) sowie weitere Dorfbewohner und Angestellte des Lebensmittelgesch\u00e4ftes Stolbrink und der Post suchten Deckung im Keller der Familie Stolbrink. Dieser Keller war ein Gew\u00f6lbekeller und galt bei den Dorfbewohnern als besonders sicher. Bereits h\u00e4ufiger hatten wir dort in der Vergangenheit Unterschlupf gesucht.<\/p>\n\n\n\n<p class=\"has-medium-font-size\">Bei Bombenangriffen durch einen amerikanischen Bomberverband wurden an diesem Morgen \u00fcber Wulfen mehr als 100 Sprengbomben von 5 bis 10 Zentnern Gewicht abgeworfen. Die Matth\u00e4uskirche und 15 Wohnh\u00e4user wurden total zerst\u00f6rt. Auch das Wohnhaus der Familie Stolbrink wurde komplett zerst\u00f6rt.<\/p>\n\n\n\n<p class=\"has-medium-font-size\">Unter den Opfern im Hause Stolbrink waren meine Mutter, 43 Jahre alt und meine Br\u00fcder, 9 und 7 Jahre alt. Auch die 19j\u00e4hrige Hilde Stolbrink, die sich in den vergangenen Wochen und Monate sehr liebevoll um uns bem\u00fcht hatte, fand den Tod.<\/p>\n\n\n\n<p class=\"has-medium-font-size\">Meine Schwester \u00fcberlebte den Bombenangriff, auf dem Scho\u00dfe unserer get\u00f6teten Mutter sitzend, mit Verletzungen. Durch Schutt und Ger\u00f6ll wurde der Oberschenkel meines rechten Beines derart gequetscht, dass eine Amputation drohte. Als verletzter Junge kam ich in den Folgewochen zu meinem Onkel zum Surick. Hier wurde mein Bein durch Schwester Lohmeyer vom Roten Kreuz und meinen Tanten t\u00e4glich gut versorgt. Ich bekam Wechselb\u00e4der, sie salbten und massierten mein Bein. Diese intensive Pflege rettete mir mein Bein.<\/p>\n\n\n\n<p class=\"has-medium-font-size\">Von den damals 11 \u00dcberlebenden aus dem Keller der Familie Stolbrink leben heute noch Henriette Schwark in Wulfen und meine Schwester Hildegard in D\u00fcsseldorf<\/p>\n\n\n\n<p class=\"has-medium-font-size\">(Hermann Grewer \u2020 ).<\/p>\n\n\n\n<p class=\"has-medium-font-size\">Viele Wulfener verloren einen Teil der Familie, verloren Freunde und Bekannte.&#8220;<\/p>\n\n\n\n<p class=\"has-medium-font-size\">Die Opfer des 22. M\u00e4rz 1945 in Wulfen:<\/p>\n\n\n\n<figure class=\"wp-block-image\"><a href=\"https:\/\/heimatverein-wulfen.de\/wp01\/wp-content\/uploads\/2017\/01\/Gemeinschaftsgrab_001.jpg\" rel=\"lightbox[2538]\"><img loading=\"lazy\" decoding=\"async\" width=\"300\" height=\"213\" src=\"https:\/\/heimatverein-wulfen.de\/wp01\/wp-content\/uploads\/2017\/01\/Gemeinschaftsgrab_001-300x213.jpg\" alt=\"\" class=\"wp-image-2540\" srcset=\"https:\/\/heimatverein-wulfen.de\/wp01\/wp-content\/uploads\/2017\/01\/Gemeinschaftsgrab_001-300x213.jpg 300w, https:\/\/heimatverein-wulfen.de\/wp01\/wp-content\/uploads\/2017\/01\/Gemeinschaftsgrab_001.jpg 700w\" sizes=\"auto, (max-width: 300px) 100vw, 300px\" \/><\/a><\/figure>\n\n\n\n<figure class=\"wp-block-image\"><a href=\"https:\/\/heimatverein-wulfen.de\/wp01\/wp-content\/uploads\/2017\/01\/Gemeinschaftsgrab_002.jpg\" rel=\"lightbox[2538]\"><img loading=\"lazy\" decoding=\"async\" width=\"300\" height=\"213\" src=\"https:\/\/heimatverein-wulfen.de\/wp01\/wp-content\/uploads\/2017\/01\/Gemeinschaftsgrab_002-300x213.jpg\" alt=\"\" class=\"wp-image-2541\" srcset=\"https:\/\/heimatverein-wulfen.de\/wp01\/wp-content\/uploads\/2017\/01\/Gemeinschaftsgrab_002-300x213.jpg 300w, https:\/\/heimatverein-wulfen.de\/wp01\/wp-content\/uploads\/2017\/01\/Gemeinschaftsgrab_002.jpg 700w\" sizes=\"auto, (max-width: 300px) 100vw, 300px\" \/><\/a><\/figure>\n\n\n\n<figure class=\"wp-block-image\"><a href=\"https:\/\/heimatverein-wulfen.de\/wp01\/wp-content\/uploads\/2017\/01\/Gemeinschaftsgrab_003.jpg\" rel=\"lightbox[2538]\"><img loading=\"lazy\" decoding=\"async\" width=\"300\" height=\"213\" src=\"https:\/\/heimatverein-wulfen.de\/wp01\/wp-content\/uploads\/2017\/01\/Gemeinschaftsgrab_003-300x213.jpg\" alt=\"\" class=\"wp-image-2542\" srcset=\"https:\/\/heimatverein-wulfen.de\/wp01\/wp-content\/uploads\/2017\/01\/Gemeinschaftsgrab_003-300x213.jpg 300w, https:\/\/heimatverein-wulfen.de\/wp01\/wp-content\/uploads\/2017\/01\/Gemeinschaftsgrab_003.jpg 700w\" sizes=\"auto, (max-width: 300px) 100vw, 300px\" \/><\/a><\/figure>\n\n\n\n<figure class=\"wp-block-image\"><a href=\"https:\/\/heimatverein-wulfen.de\/wp01\/wp-content\/uploads\/2017\/01\/Gemeinschaftsgrab_004.jpg\" rel=\"lightbox[2538]\"><img loading=\"lazy\" decoding=\"async\" width=\"300\" height=\"213\" src=\"https:\/\/heimatverein-wulfen.de\/wp01\/wp-content\/uploads\/2017\/01\/Gemeinschaftsgrab_004-300x213.jpg\" alt=\"\" class=\"wp-image-2543\" srcset=\"https:\/\/heimatverein-wulfen.de\/wp01\/wp-content\/uploads\/2017\/01\/Gemeinschaftsgrab_004-300x213.jpg 300w, https:\/\/heimatverein-wulfen.de\/wp01\/wp-content\/uploads\/2017\/01\/Gemeinschaftsgrab_004.jpg 700w\" sizes=\"auto, (max-width: 300px) 100vw, 300px\" \/><\/a><\/figure>\n\n\n\n<figure class=\"wp-block-image\"><a href=\"https:\/\/heimatverein-wulfen.de\/wp01\/wp-content\/uploads\/2017\/01\/Gemeinschaftsgrab_005.jpg\" rel=\"lightbox[2538]\"><img loading=\"lazy\" decoding=\"async\" width=\"300\" height=\"213\" src=\"https:\/\/heimatverein-wulfen.de\/wp01\/wp-content\/uploads\/2017\/01\/Gemeinschaftsgrab_005-300x213.jpg\" alt=\"\" class=\"wp-image-2544\" srcset=\"https:\/\/heimatverein-wulfen.de\/wp01\/wp-content\/uploads\/2017\/01\/Gemeinschaftsgrab_005-300x213.jpg 300w, https:\/\/heimatverein-wulfen.de\/wp01\/wp-content\/uploads\/2017\/01\/Gemeinschaftsgrab_005.jpg 700w\" sizes=\"auto, (max-width: 300px) 100vw, 300px\" \/><\/a><\/figure>\n\n\n\n<figure class=\"wp-block-image\"><a href=\"https:\/\/heimatverein-wulfen.de\/wp01\/wp-content\/uploads\/2017\/01\/Gemeinschaftsgrab_006.jpg\" rel=\"lightbox[2538]\"><img loading=\"lazy\" decoding=\"async\" width=\"300\" height=\"213\" src=\"https:\/\/heimatverein-wulfen.de\/wp01\/wp-content\/uploads\/2017\/01\/Gemeinschaftsgrab_006-300x213.jpg\" alt=\"\" class=\"wp-image-2545\" srcset=\"https:\/\/heimatverein-wulfen.de\/wp01\/wp-content\/uploads\/2017\/01\/Gemeinschaftsgrab_006-300x213.jpg 300w, https:\/\/heimatverein-wulfen.de\/wp01\/wp-content\/uploads\/2017\/01\/Gemeinschaftsgrab_006.jpg 700w\" sizes=\"auto, (max-width: 300px) 100vw, 300px\" \/><\/a><\/figure>\n\n\n\n<figure class=\"wp-block-image\"><a href=\"https:\/\/heimatverein-wulfen.de\/wp01\/wp-content\/uploads\/2017\/01\/Gemeinschaftsgrab_007.jpg\" rel=\"lightbox[2538]\"><img loading=\"lazy\" decoding=\"async\" width=\"300\" height=\"213\" src=\"https:\/\/heimatverein-wulfen.de\/wp01\/wp-content\/uploads\/2017\/01\/Gemeinschaftsgrab_007-300x213.jpg\" alt=\"\" class=\"wp-image-2546\" srcset=\"https:\/\/heimatverein-wulfen.de\/wp01\/wp-content\/uploads\/2017\/01\/Gemeinschaftsgrab_007-300x213.jpg 300w, https:\/\/heimatverein-wulfen.de\/wp01\/wp-content\/uploads\/2017\/01\/Gemeinschaftsgrab_007.jpg 700w\" sizes=\"auto, (max-width: 300px) 100vw, 300px\" \/><\/a><\/figure>\n\n\n\n<figure class=\"wp-block-image\"><a href=\"https:\/\/heimatverein-wulfen.de\/wp01\/wp-content\/uploads\/2017\/01\/Gemeinschaftsgrab_008.jpg\" rel=\"lightbox[2538]\"><img loading=\"lazy\" decoding=\"async\" width=\"300\" height=\"213\" src=\"https:\/\/heimatverein-wulfen.de\/wp01\/wp-content\/uploads\/2017\/01\/Gemeinschaftsgrab_008-300x213.jpg\" alt=\"\" class=\"wp-image-2547\" srcset=\"https:\/\/heimatverein-wulfen.de\/wp01\/wp-content\/uploads\/2017\/01\/Gemeinschaftsgrab_008-300x213.jpg 300w, https:\/\/heimatverein-wulfen.de\/wp01\/wp-content\/uploads\/2017\/01\/Gemeinschaftsgrab_008.jpg 700w\" sizes=\"auto, (max-width: 300px) 100vw, 300px\" \/><\/a><\/figure>\n\n\n\n<figure class=\"wp-block-image\"><a href=\"https:\/\/heimatverein-wulfen.de\/wp01\/wp-content\/uploads\/2017\/01\/Gemeinschaftsgrab_009.jpg\" rel=\"lightbox[2538]\"><img loading=\"lazy\" decoding=\"async\" width=\"300\" height=\"213\" src=\"https:\/\/heimatverein-wulfen.de\/wp01\/wp-content\/uploads\/2017\/01\/Gemeinschaftsgrab_009-300x213.jpg\" alt=\"\" class=\"wp-image-2548\" srcset=\"https:\/\/heimatverein-wulfen.de\/wp01\/wp-content\/uploads\/2017\/01\/Gemeinschaftsgrab_009-300x213.jpg 300w, https:\/\/heimatverein-wulfen.de\/wp01\/wp-content\/uploads\/2017\/01\/Gemeinschaftsgrab_009.jpg 700w\" sizes=\"auto, (max-width: 300px) 100vw, 300px\" \/><\/a><\/figure>\n\n\n\n<figure class=\"wp-block-image\"><a href=\"https:\/\/heimatverein-wulfen.de\/wp01\/wp-content\/uploads\/2017\/01\/Gemeinschaftsgrab_010.jpg\" rel=\"lightbox[2538]\"><img loading=\"lazy\" decoding=\"async\" width=\"300\" height=\"213\" src=\"https:\/\/heimatverein-wulfen.de\/wp01\/wp-content\/uploads\/2017\/01\/Gemeinschaftsgrab_010-300x213.jpg\" alt=\"\" class=\"wp-image-2549\" srcset=\"https:\/\/heimatverein-wulfen.de\/wp01\/wp-content\/uploads\/2017\/01\/Gemeinschaftsgrab_010-300x213.jpg 300w, https:\/\/heimatverein-wulfen.de\/wp01\/wp-content\/uploads\/2017\/01\/Gemeinschaftsgrab_010.jpg 700w\" sizes=\"auto, (max-width: 300px) 100vw, 300px\" \/><\/a><\/figure>\n\n\n\n<figure class=\"wp-block-image\"><a href=\"https:\/\/heimatverein-wulfen.de\/wp01\/wp-content\/uploads\/2017\/01\/Gemeinschaftsgrab_011.jpg\" rel=\"lightbox[2538]\"><img loading=\"lazy\" decoding=\"async\" width=\"300\" height=\"213\" src=\"https:\/\/heimatverein-wulfen.de\/wp01\/wp-content\/uploads\/2017\/01\/Gemeinschaftsgrab_011-300x213.jpg\" alt=\"\" class=\"wp-image-2550\" srcset=\"https:\/\/heimatverein-wulfen.de\/wp01\/wp-content\/uploads\/2017\/01\/Gemeinschaftsgrab_011-300x213.jpg 300w, https:\/\/heimatverein-wulfen.de\/wp01\/wp-content\/uploads\/2017\/01\/Gemeinschaftsgrab_011.jpg 700w\" sizes=\"auto, (max-width: 300px) 100vw, 300px\" \/><\/a><\/figure>\n\n\n\n<figure class=\"wp-block-image\"><a href=\"https:\/\/heimatverein-wulfen.de\/wp01\/wp-content\/uploads\/2017\/01\/Gemeinschaftsgrab_012.jpg\" rel=\"lightbox[2538]\"><img loading=\"lazy\" decoding=\"async\" width=\"300\" height=\"213\" src=\"https:\/\/heimatverein-wulfen.de\/wp01\/wp-content\/uploads\/2017\/01\/Gemeinschaftsgrab_012-300x213.jpg\" alt=\"\" class=\"wp-image-2551\" srcset=\"https:\/\/heimatverein-wulfen.de\/wp01\/wp-content\/uploads\/2017\/01\/Gemeinschaftsgrab_012-300x213.jpg 300w, https:\/\/heimatverein-wulfen.de\/wp01\/wp-content\/uploads\/2017\/01\/Gemeinschaftsgrab_012.jpg 700w\" sizes=\"auto, (max-width: 300px) 100vw, 300px\" \/><\/a><\/figure>\n\n\n\n<figure class=\"wp-block-image\"><a href=\"https:\/\/heimatverein-wulfen.de\/wp01\/wp-content\/uploads\/2017\/01\/Gemeinschaftsgrab_013.jpg\" rel=\"lightbox[2538]\"><img loading=\"lazy\" decoding=\"async\" width=\"300\" height=\"213\" src=\"https:\/\/heimatverein-wulfen.de\/wp01\/wp-content\/uploads\/2017\/01\/Gemeinschaftsgrab_013-300x213.jpg\" alt=\"\" class=\"wp-image-2552\" srcset=\"https:\/\/heimatverein-wulfen.de\/wp01\/wp-content\/uploads\/2017\/01\/Gemeinschaftsgrab_013-300x213.jpg 300w, https:\/\/heimatverein-wulfen.de\/wp01\/wp-content\/uploads\/2017\/01\/Gemeinschaftsgrab_013.jpg 700w\" sizes=\"auto, (max-width: 300px) 100vw, 300px\" \/><\/a><\/figure>\n\n\n\n<figure class=\"wp-block-image\"><a href=\"https:\/\/heimatverein-wulfen.de\/wp01\/wp-content\/uploads\/2017\/01\/Gemeinschaftsgrab_014.jpg\" rel=\"lightbox[2538]\"><img loading=\"lazy\" decoding=\"async\" width=\"300\" height=\"213\" src=\"https:\/\/heimatverein-wulfen.de\/wp01\/wp-content\/uploads\/2017\/01\/Gemeinschaftsgrab_014-300x213.jpg\" alt=\"\" class=\"wp-image-2553\" srcset=\"https:\/\/heimatverein-wulfen.de\/wp01\/wp-content\/uploads\/2017\/01\/Gemeinschaftsgrab_014-300x213.jpg 300w, https:\/\/heimatverein-wulfen.de\/wp01\/wp-content\/uploads\/2017\/01\/Gemeinschaftsgrab_014.jpg 700w\" sizes=\"auto, (max-width: 300px) 100vw, 300px\" \/><\/a><\/figure>\n\n\n\n<figure class=\"wp-block-image\"><a href=\"https:\/\/heimatverein-wulfen.de\/wp01\/wp-content\/uploads\/2017\/01\/Gemeinschaftsgrab_015.jpg\" rel=\"lightbox[2538]\"><img loading=\"lazy\" decoding=\"async\" width=\"300\" height=\"213\" src=\"https:\/\/heimatverein-wulfen.de\/wp01\/wp-content\/uploads\/2017\/01\/Gemeinschaftsgrab_015-300x213.jpg\" alt=\"\" class=\"wp-image-2554\" srcset=\"https:\/\/heimatverein-wulfen.de\/wp01\/wp-content\/uploads\/2017\/01\/Gemeinschaftsgrab_015-300x213.jpg 300w, https:\/\/heimatverein-wulfen.de\/wp01\/wp-content\/uploads\/2017\/01\/Gemeinschaftsgrab_015.jpg 700w\" sizes=\"auto, (max-width: 300px) 100vw, 300px\" \/><\/a><\/figure>\n\n\n\n<figure class=\"wp-block-image\"><a href=\"https:\/\/heimatverein-wulfen.de\/wp01\/wp-content\/uploads\/2017\/01\/Gemeinschaftsgrab_016.jpg\" rel=\"lightbox[2538]\"><img loading=\"lazy\" decoding=\"async\" width=\"300\" height=\"213\" src=\"https:\/\/heimatverein-wulfen.de\/wp01\/wp-content\/uploads\/2017\/01\/Gemeinschaftsgrab_016-300x213.jpg\" alt=\"\" class=\"wp-image-2555\" srcset=\"https:\/\/heimatverein-wulfen.de\/wp01\/wp-content\/uploads\/2017\/01\/Gemeinschaftsgrab_016-300x213.jpg 300w, https:\/\/heimatverein-wulfen.de\/wp01\/wp-content\/uploads\/2017\/01\/Gemeinschaftsgrab_016.jpg 700w\" sizes=\"auto, (max-width: 300px) 100vw, 300px\" \/><\/a><\/figure>\n\n\n\n<figure class=\"wp-block-image\"><a href=\"https:\/\/heimatverein-wulfen.de\/wp01\/wp-content\/uploads\/2017\/01\/Gemeinschaftsgrab_017.jpg\" rel=\"lightbox[2538]\"><img loading=\"lazy\" decoding=\"async\" width=\"300\" height=\"213\" src=\"https:\/\/heimatverein-wulfen.de\/wp01\/wp-content\/uploads\/2017\/01\/Gemeinschaftsgrab_017-300x213.jpg\" alt=\"\" class=\"wp-image-2556\" srcset=\"https:\/\/heimatverein-wulfen.de\/wp01\/wp-content\/uploads\/2017\/01\/Gemeinschaftsgrab_017-300x213.jpg 300w, https:\/\/heimatverein-wulfen.de\/wp01\/wp-content\/uploads\/2017\/01\/Gemeinschaftsgrab_017.jpg 700w\" sizes=\"auto, (max-width: 300px) 100vw, 300px\" \/><\/a><\/figure>\n\n\n\n<figure class=\"wp-block-image\"><a href=\"https:\/\/heimatverein-wulfen.de\/wp01\/wp-content\/uploads\/2017\/01\/Gemeinschaftsgrab_018.jpg\" rel=\"lightbox[2538]\"><img loading=\"lazy\" decoding=\"async\" width=\"300\" height=\"213\" src=\"https:\/\/heimatverein-wulfen.de\/wp01\/wp-content\/uploads\/2017\/01\/Gemeinschaftsgrab_018-300x213.jpg\" alt=\"\" class=\"wp-image-2557\" srcset=\"https:\/\/heimatverein-wulfen.de\/wp01\/wp-content\/uploads\/2017\/01\/Gemeinschaftsgrab_018-300x213.jpg 300w, https:\/\/heimatverein-wulfen.de\/wp01\/wp-content\/uploads\/2017\/01\/Gemeinschaftsgrab_018.jpg 700w\" sizes=\"auto, (max-width: 300px) 100vw, 300px\" \/><\/a><\/figure>\n\n\n\n<figure class=\"wp-block-image\"><a href=\"https:\/\/heimatverein-wulfen.de\/wp01\/wp-content\/uploads\/2017\/01\/Gemeinschaftsgrab_019.jpg\" rel=\"lightbox[2538]\"><img loading=\"lazy\" decoding=\"async\" width=\"300\" height=\"213\" src=\"https:\/\/heimatverein-wulfen.de\/wp01\/wp-content\/uploads\/2017\/01\/Gemeinschaftsgrab_019-300x213.jpg\" alt=\"\" class=\"wp-image-2558\" srcset=\"https:\/\/heimatverein-wulfen.de\/wp01\/wp-content\/uploads\/2017\/01\/Gemeinschaftsgrab_019-300x213.jpg 300w, https:\/\/heimatverein-wulfen.de\/wp01\/wp-content\/uploads\/2017\/01\/Gemeinschaftsgrab_019.jpg 700w\" sizes=\"auto, (max-width: 300px) 100vw, 300px\" \/><\/a><\/figure>\n\n\n\n<figure class=\"wp-block-image\"><a href=\"https:\/\/heimatverein-wulfen.de\/wp01\/wp-content\/uploads\/2017\/01\/Gemeinschaftsgrab_020.jpg\" rel=\"lightbox[2538]\"><img loading=\"lazy\" decoding=\"async\" width=\"300\" height=\"213\" src=\"https:\/\/heimatverein-wulfen.de\/wp01\/wp-content\/uploads\/2017\/01\/Gemeinschaftsgrab_020-300x213.jpg\" alt=\"\" class=\"wp-image-2559\" srcset=\"https:\/\/heimatverein-wulfen.de\/wp01\/wp-content\/uploads\/2017\/01\/Gemeinschaftsgrab_020-300x213.jpg 300w, https:\/\/heimatverein-wulfen.de\/wp01\/wp-content\/uploads\/2017\/01\/Gemeinschaftsgrab_020.jpg 700w\" sizes=\"auto, (max-width: 300px) 100vw, 300px\" \/><\/a><\/figure>\n\n\n\n<figure class=\"wp-block-image\"><a href=\"https:\/\/heimatverein-wulfen.de\/wp01\/wp-content\/uploads\/2017\/01\/Gemeinschaftsgrab_021.jpg\" rel=\"lightbox[2538]\"><img loading=\"lazy\" decoding=\"async\" width=\"300\" height=\"213\" src=\"https:\/\/heimatverein-wulfen.de\/wp01\/wp-content\/uploads\/2017\/01\/Gemeinschaftsgrab_021-300x213.jpg\" alt=\"\" class=\"wp-image-2560\" srcset=\"https:\/\/heimatverein-wulfen.de\/wp01\/wp-content\/uploads\/2017\/01\/Gemeinschaftsgrab_021-300x213.jpg 300w, https:\/\/heimatverein-wulfen.de\/wp01\/wp-content\/uploads\/2017\/01\/Gemeinschaftsgrab_021.jpg 700w\" sizes=\"auto, (max-width: 300px) 100vw, 300px\" \/><\/a><\/figure>\n","protected":false},"excerpt":{"rendered":"<p>Gemeinschaftsgrab 22. M\u00e4rz 1945 Gemeinschaftsgrab in neuem Glanz Die Zeit hatte an dem Gemeinschaftsgrab f\u00fcr die 23 Opfer des Bombenangriffs auf Wulfen vom 22. M\u00e4rz 1945 deutliche Spuren hinterlassen. Im<\/p>\n<p><a href=\"https:\/\/heimatverein-wulfen.de\/wp01\/gemeinschaftsgrab\/\" class=\"more-link themebutton\">Read More<\/a><\/p>\n","protected":false},"author":6,"featured_media":0,"parent":0,"menu_order":0,"comment_status":"closed","ping_status":"closed","template":"","meta":{"_cbd_carousel_blocks":"[]","footnotes":""},"class_list":["post-2538","page","type-page","status-publish","hentry"],"publishpress_future_action":{"enabled":false,"date":"2026-05-07 23:37:43","action":"change-status","newStatus":"draft","terms":[],"taxonomy":"","extraData":[]},"publishpress_future_workflow_manual_trigger":{"enabledWorkflows":[]},"_links":{"self":[{"href":"https:\/\/heimatverein-wulfen.de\/wp01\/wp-json\/wp\/v2\/pages\/2538","targetHints":{"allow":["GET"]}}],"collection":[{"href":"https:\/\/heimatverein-wulfen.de\/wp01\/wp-json\/wp\/v2\/pages"}],"about":[{"href":"https:\/\/heimatverein-wulfen.de\/wp01\/wp-json\/wp\/v2\/types\/page"}],"author":[{"embeddable":true,"href":"https:\/\/heimatverein-wulfen.de\/wp01\/wp-json\/wp\/v2\/users\/6"}],"replies":[{"embeddable":true,"href":"https:\/\/heimatverein-wulfen.de\/wp01\/wp-json\/wp\/v2\/comments?post=2538"}],"version-history":[{"count":15,"href":"https:\/\/heimatverein-wulfen.de\/wp01\/wp-json\/wp\/v2\/pages\/2538\/revisions"}],"predecessor-version":[{"id":8088,"href":"https:\/\/heimatverein-wulfen.de\/wp01\/wp-json\/wp\/v2\/pages\/2538\/revisions\/8088"}],"wp:attachment":[{"href":"https:\/\/heimatverein-wulfen.de\/wp01\/wp-json\/wp\/v2\/media?parent=2538"}],"curies":[{"name":"wp","href":"https:\/\/api.w.org\/{rel}","templated":true}]}}