{"id":35,"date":"2016-04-05T15:56:30","date_gmt":"2016-04-05T13:56:30","guid":{"rendered":"http:\/\/192.168.2.231\/wp01\/?page_id=35"},"modified":"2021-02-01T14:49:23","modified_gmt":"2021-02-01T13:49:23","slug":"vereinsfahne","status":"publish","type":"page","link":"https:\/\/heimatverein-wulfen.de\/wp01\/ueber-uns\/vereinsfahne\/","title":{"rendered":"Vereinsfahne"},"content":{"rendered":"\n<h3 class=\"wp-block-heading\">Brauchtum &#8211; Tradition &#8211; Heimat &#8211; Wulfen<\/h3>\n\n\n\n<div class=\"wp-block-image\"><figure class=\"alignleft size-large is-resized\"><a href=\"https:\/\/heimatverein-wulfen.de\/wp01\/wp-content\/uploads\/2016\/04\/Fahne_002.jpg\" rel=\"lightbox[35]\"><img loading=\"lazy\" decoding=\"async\" src=\"https:\/\/heimatverein-wulfen.de\/wp01\/wp-content\/uploads\/2016\/04\/Fahne_002.jpg\" alt=\"\" class=\"wp-image-1179\" width=\"360\" height=\"360\" srcset=\"https:\/\/heimatverein-wulfen.de\/wp01\/wp-content\/uploads\/2016\/04\/Fahne_002.jpg 480w, https:\/\/heimatverein-wulfen.de\/wp01\/wp-content\/uploads\/2016\/04\/Fahne_002-150x150.jpg 150w, https:\/\/heimatverein-wulfen.de\/wp01\/wp-content\/uploads\/2016\/04\/Fahne_002-300x300.jpg 300w, https:\/\/heimatverein-wulfen.de\/wp01\/wp-content\/uploads\/2016\/04\/Fahne_002-320x320.jpg 320w, https:\/\/heimatverein-wulfen.de\/wp01\/wp-content\/uploads\/2016\/04\/Fahne_002-240x240.jpg 240w\" sizes=\"auto, (max-width: 360px) 100vw, 360px\" \/><\/a><\/figure><\/div>\n\n\n\n<p class=\"has-medium-font-size\">Der Heimatverein Wulfen 1922 e.V. besteht seit 85 Jahren und hat sich in dieser Zeit zu einem Traditionsverein entwickelt, der in der Wulfener Bev\u00f6lkerung gro\u00dfe Akzeptanz besitzt und aus dem \u00f6rtlichen Vereinsleben nicht mehr wegzudenken ist.<\/p>\n\n\n\n<p class=\"has-medium-font-size\">Gegr\u00fcndet am 28. Oktober 1922 als Verein f\u00fcr Orts- und Heimat- kunde fungierte er seinerzeit als Ortsgruppe Wulfen des im gleichen Jahr ins Leben gerufenen Heimatbundes der Herrlichkeit Lembeck. Bedingt durch das Aufkommen des Nationalsozialismus, den 2. Weltkrieg und die anschlie\u00dfenden Jahre des Wieder- aufbaues, trat der bis dahin rege wirkende Heimatverein zwischen- zeitlich nur mit Einzelaktionen in Erscheinung. Zu Beginn der 1980er Jahre bereiteten Wulfener Heimatfreunde das Wieder- aufleben des Vereins vor. Die Neugr\u00fcndung erfolgte am 14. Juni 1984 wiederum im Saal des Hotels Humbert. Heute z\u00e4hlt der Heimatverein mit seinen mehr als 1.000 Mitgliedern zu den gr\u00f6\u00dften Wulfener Vereinen.<\/p>\n\n\n\n<p class=\"has-medium-font-size\">Die Tradition des Heimatvereins auch nach au\u00dfen durch eine Fahne sichtbar werden zu lassen und den Verein in der \u00d6ffentlich- keit noch besser zu pr\u00e4sentieren, war der Grundgedanke, als aus den Reihen der Mitglieder der Wunsch nach Anschaffung einer eigenen Vereinsfahne aufkam.<\/p>\n\n\n\n<p class=\"has-medium-font-size\">Das Wort Fahne hat sich gebildet aus dem althochdeutschen fano, was eigentlich Tuch bedeutet, gek\u00fcrzt aus gundfano = Kampftuch. Der Geschichte nach ist eine Fahne also ein an einer Stange fest angebrachtes ein- oder mehrfarbiges, meist rechteckiges Tuch, oft mit Wappen oder heraldischen Sinnbildern versehen.<\/p>\n\n\n\n<p class=\"has-medium-font-size\">Als Stammes- oder Feldzeichen sind Fahnen im Morgenland seit dem fr\u00fchen Altertum bekannt. Als Hoheitszeichen war die Fahne u. a. auch Wahrzeichen der Gerichtsbarkeit. Im milit\u00e4rischen Bereich diente die Fahne, bei der Reiterei Standarte genannt, urspr\u00fcnglich als Orientierungspunkt, Richtungs- oder Sammelzeichen. Diese taktische Bedeutung ging sp\u00e4ter verloren, sie wandelte sich zum Symbol f\u00fcr Ehre und Treue. Die Truppenfahnen der Bundeswehr kn\u00fcpfen an diesen symbolischen Wert an. Die Kirche entwickelte bereits im 10. Jahrhundert zu liturgischen Zwecken eigene Kirchen- fahnen. So gehen beispielsweise die bei Prozessionen verwendeten katholischen Kirchenfahnen auf die Feldzeichen des Mittelalters zur\u00fcck. Fahnen werden aber auch von K\u00f6rperschaften gef\u00fchrt, z. B. Z\u00fcnften, Studentenverbindungen und Vereinen. Sie kennzeichnen stellvertretend eine Gemeinschaft. Sie dienen als Symbol der Zusammengeh\u00f6rigkeit von Gemeinschaften gleicher Tradition, Kultur und gemeinsamer Ziele. Wie sehr man unter einer Fahne in friedlicher Weise verbunden sein kann, hat erst j\u00fcngst die Fu\u00dfball- WM im letzten Jahr bei uns in Deutschland gezeigt.<\/p>\n\n\n\n<p class=\"has-medium-font-size\">Die neue Fahne des Heimatvereins Wulfen soll Symbol sein f\u00fcr Brauchtum, Tradition und Zusammenhalt im Verein. Als \u00e4u\u00dferes Zeichen unserer Heimatverbundenheit verdeutlicht sie die Identifika- tion der Gemeinschaft mit unserem Heimatort. Wir sind \u00fcberzeugt, damit auch das Ansehen des Heimatvereins im Gemeindeleben zu erh\u00f6hen und unser Vereinsleben zu festigen und zu bereichern.<\/p>\n\n\n\n<p class=\"has-medium-font-size\">In Auftrag gegeben wurde die Fahne bei der Karlsruher Fahnenfabrik Fahnen-Kreisel GmbH, die u. a. auch die Fahne des Allgemeinen Wulfener B\u00fcrgersch\u00fctzenvereins aus dem Jahre 1989 gefertigt hat.<\/p>\n\n\n\n<p class=\"has-medium-font-size\">Die Ma\u00dfe der Fahne betragen 110 x 110 cm, wobei an drei Seiten noch 5 cm lange hochvergoldete Fransen hinzukommen und an der Stabseite Goldbortenlaschen zur Aufnahme des Fahnenstabes. Dieser ist hochglanzpoliert nussbaumbraun mit Bajonettverbindung und einer neutralen goldfarbigen Spitze. Die Fahne ist mehrfach gef\u00fcttert, alle Motive sind vollst\u00e4ndig und m\u00f6glichst naturgetreu ausgestickt. Das nach Entw\u00fcrfen der Vereinsmitglieder Reinhold Grewer und Willi Duwenbeck gefertigte Fahnentuch wird wie folgt beschrieben:<\/p>\n\n\n\n<div class=\"wp-block-image\"><figure class=\"alignleft\"><a href=\"https:\/\/heimatverein-wulfen.de\/wp01\/wp-content\/uploads\/2016\/04\/Fahne_003.jpg\" rel=\"lightbox[35]\"><img loading=\"lazy\" decoding=\"async\" width=\"300\" height=\"300\" src=\"https:\/\/heimatverein-wulfen.de\/wp01\/wp-content\/uploads\/2016\/04\/Fahne_003-300x300.jpg\" alt=\"Fahne_003\" class=\"wp-image-1180\" srcset=\"https:\/\/heimatverein-wulfen.de\/wp01\/wp-content\/uploads\/2016\/04\/Fahne_003-300x300.jpg 300w, https:\/\/heimatverein-wulfen.de\/wp01\/wp-content\/uploads\/2016\/04\/Fahne_003-150x150.jpg 150w, https:\/\/heimatverein-wulfen.de\/wp01\/wp-content\/uploads\/2016\/04\/Fahne_003.jpg 480w, https:\/\/heimatverein-wulfen.de\/wp01\/wp-content\/uploads\/2016\/04\/Fahne_003-320x320.jpg 320w, https:\/\/heimatverein-wulfen.de\/wp01\/wp-content\/uploads\/2016\/04\/Fahne_003-240x240.jpg 240w\" sizes=\"auto, (max-width: 300px) 100vw, 300px\" \/><\/a><\/figure><\/div>\n\n\n\n<p class=\"has-medium-font-size\">Die Motivseite der Fahne zeigt auf cremefarbiger Seide mittig durch die Fahnendiagonale eine farbig gestickte Ortsdarstellung ausgesuchter Wulfener Geb\u00e4ude und Ansichten. Damit wird ein Bogen gespannt vom westlichen Ortseingang Alt-Wulfen durch das Dorf, \u00fcber Barkenberg bis zum \u00f6stlich gelegenen Bereich des stillgelegten Steinkohlenbergbaus. Uns war daran gelegen, dass sich die B\u00fcrger in den gew\u00e4hlten Motiven als Wulfener wiederfinden und sich mit ihnen heimatlich verbunden f\u00fchlen.<\/p>\n\n\n\n<div class=\"wp-block-image\"><figure class=\"alignleft is-resized\"><a href=\"https:\/\/heimatverein-wulfen.de\/wp01\/wp-content\/uploads\/2016\/04\/Fahne_005.jpg\" rel=\"lightbox[35]\"><img loading=\"lazy\" decoding=\"async\" src=\"https:\/\/heimatverein-wulfen.de\/wp01\/wp-content\/uploads\/2016\/04\/Fahne_005.jpg\" alt=\"Fahne_005\" class=\"wp-image-1183\" width=\"418\" height=\"100\" srcset=\"https:\/\/heimatverein-wulfen.de\/wp01\/wp-content\/uploads\/2016\/04\/Fahne_005.jpg 557w, https:\/\/heimatverein-wulfen.de\/wp01\/wp-content\/uploads\/2016\/04\/Fahne_005-300x72.jpg 300w\" sizes=\"auto, (max-width: 418px) 100vw, 418px\" \/><\/a><\/figure><\/div>\n\n\n\n<p class=\"has-medium-font-size\">Es beginnt von links mit der westlichen Ortseinfahrt der B 58 am Hotel Humbert, einem der \u00e4ltesten Wulfener Geb\u00e4ude von 1823, mit der St. Matth\u00e4us Pfarrkirche im Hintergrund und dem das Dorf \u00fcberragenden Kirchturm. Es folgt das monumentale Ehrenmal f\u00fcr die Opfer der Kriege, danach der alte Wulfener Bahnhof, gefolgt vom Turm der ehemaligen Rose-Brauerei. Daran anschlie\u00dfend die ev. Gnadenkirche, der sog. Rundbau (Gesch\u00e4fts- und B\u00fcrohaus) im Ortsteil Barkenberg mit seiner architektonischen, st\u00e4dte- baulichen Vielfalt und folgend die dortige St. Barbara Kirche. Das auf dem Kopf stehende Bergbauzeichen Schl\u00e4gel und Eisen symbolisiert die nicht ganz 50-j\u00e4hrige Tradition des stillgelegten Steinkohlenbergbaus in Wulfen. Mit Darstellung der Kirchen ist beiden bei uns vorhandenen gro\u00dfen Religionsgemeinschaften Rechnung getragen, ebenso wie die Barkenberger Motive diesen Wulfener Ortsteil ber\u00fccksichtigen, in dem eine stattliche Zahl unserer Vereinsmitglieder ans\u00e4ssig ist.<\/p>\n\n\n\n<div class=\"wp-block-image\"><figure class=\"aligncenter\"><a href=\"https:\/\/heimatverein-wulfen.de\/wp01\/wp-content\/uploads\/2016\/04\/Fahne_004.jpg\" rel=\"lightbox[35]\"><img loading=\"lazy\" decoding=\"async\" width=\"217\" height=\"411\" src=\"https:\/\/heimatverein-wulfen.de\/wp01\/wp-content\/uploads\/2016\/04\/Fahne_004.jpg\" alt=\"Fahne_004\" class=\"wp-image-1184\" srcset=\"https:\/\/heimatverein-wulfen.de\/wp01\/wp-content\/uploads\/2016\/04\/Fahne_004.jpg 217w, https:\/\/heimatverein-wulfen.de\/wp01\/wp-content\/uploads\/2016\/04\/Fahne_004-158x300.jpg 158w\" sizes=\"auto, (max-width: 217px) 100vw, 217px\" \/><\/a><\/figure><\/div>\n\n\n\n<p class=\"has-medium-font-size\">\u00dcber der urbanen Darstellung ist in der oberen Fahnenh\u00e4lfte ein Kiepenkerl abgebildet. Diese f\u00fcr das M\u00fcnsterland typische Figur soll auch den Zusammenhang mit der vom Heimatverein Wulfen praktizierten Tradition der Flachsverarbeitung vom Anbau bis zum fertigen Leinen symbolisieren. Dar\u00fcber hinaus ist auch die Vereinskleidung der Kluft des Kiepenkerls nachempfunden. Unter dem Ortsbild befindet sich ein blaues Schriftband mit dem Namen unseres Heimatortes Wulfen, die Jahreszahl Anno 2007 steht f\u00fcr den Zeitpunkt der Fahnenanfertigung.<\/p>\n\n\n\n<div class=\"wp-block-image\"><figure class=\"aligncenter\"><a href=\"https:\/\/heimatverein-wulfen.de\/wp01\/wp-content\/uploads\/2016\/04\/Fahne_007.jpg\" rel=\"lightbox[35]\"><img loading=\"lazy\" decoding=\"async\" width=\"482\" height=\"203\" src=\"https:\/\/heimatverein-wulfen.de\/wp01\/wp-content\/uploads\/2016\/04\/Fahne_007.jpg\" alt=\"Fahne_007\" class=\"wp-image-1185\" srcset=\"https:\/\/heimatverein-wulfen.de\/wp01\/wp-content\/uploads\/2016\/04\/Fahne_007.jpg 482w, https:\/\/heimatverein-wulfen.de\/wp01\/wp-content\/uploads\/2016\/04\/Fahne_007-300x126.jpg 300w, https:\/\/heimatverein-wulfen.de\/wp01\/wp-content\/uploads\/2016\/04\/Fahne_007-480x203.jpg 480w\" sizes=\"auto, (max-width: 482px) 100vw, 482px\" \/><\/a><\/figure><\/div>\n\n\n\n<p class=\"has-medium-font-size\">Darunter ist das im Jahr 1997 am Rh\u00f6nweg errichtete Flachsr\u00f6sthaus des Heimatvereins zu sehen.<\/p>\n\n\n\n<div class=\"wp-block-image\"><figure class=\"aligncenter\"><a href=\"https:\/\/heimatverein-wulfen.de\/wp01\/wp-content\/uploads\/2016\/04\/Fahne_018.jpg\" rel=\"lightbox[35]\"><img loading=\"lazy\" decoding=\"async\" width=\"998\" height=\"252\" src=\"https:\/\/heimatverein-wulfen.de\/wp01\/wp-content\/uploads\/2016\/04\/Fahne_018.jpg\" alt=\"Fahne_018\" class=\"wp-image-253\" srcset=\"https:\/\/heimatverein-wulfen.de\/wp01\/wp-content\/uploads\/2016\/04\/Fahne_018.jpg 998w, https:\/\/heimatverein-wulfen.de\/wp01\/wp-content\/uploads\/2016\/04\/Fahne_018-300x76.jpg 300w, https:\/\/heimatverein-wulfen.de\/wp01\/wp-content\/uploads\/2016\/04\/Fahne_018-768x194.jpg 768w, https:\/\/heimatverein-wulfen.de\/wp01\/wp-content\/uploads\/2016\/04\/Fahne_018-480x120.jpg 480w, https:\/\/heimatverein-wulfen.de\/wp01\/wp-content\/uploads\/2016\/04\/Fahne_018-320x80.jpg 320w, https:\/\/heimatverein-wulfen.de\/wp01\/wp-content\/uploads\/2016\/04\/Fahne_018-240x60.jpg 240w\" sizes=\"auto, (max-width: 998px) 100vw, 998px\" \/><\/a><\/figure><\/div>\n\n\n\n<div class=\"wp-block-image\"><figure class=\"alignleft is-resized\"><a href=\"https:\/\/heimatverein-wulfen.de\/wp01\/wp-content\/uploads\/2016\/04\/Fahne_011.jpg\" rel=\"lightbox[35]\"><img loading=\"lazy\" decoding=\"async\" src=\"https:\/\/heimatverein-wulfen.de\/wp01\/wp-content\/uploads\/2016\/04\/Fahne_011.jpg\" alt=\"Fahne_011\" class=\"wp-image-254\" width=\"304\" height=\"329\" srcset=\"https:\/\/heimatverein-wulfen.de\/wp01\/wp-content\/uploads\/2016\/04\/Fahne_011.jpg 405w, https:\/\/heimatverein-wulfen.de\/wp01\/wp-content\/uploads\/2016\/04\/Fahne_011-277x300.jpg 277w\" sizes=\"auto, (max-width: 304px) 100vw, 304px\" \/><\/a><\/figure><\/div>\n\n\n\n<p class=\"has-medium-font-size\">Die Wappenseite zeigt als zentrales Emblem auf dunkelblauem Brillantsamt das Wulfener Wappen, \u201eeinen silbernen, rechts- gerichteten Wolfskopf mit Hals, im blauen Feld\u201c, wie es in der Genehmigung zum F\u00fchren des Wappens vom 17. 9. 1929 hei\u00dft. Der Vereinsname Heimatverein Wulfen 1922 e.V. in Goldmetall- stickerei umschlie\u00dft den Wappenschild. An den L\u00e4ngsseiten der Fahne sind die Worte Brauchtum \u2013 Tradition \u2013 Heimat \u2013 Wulfen, ebenfalls goldfarbig gestickt, lesbar.<\/p>\n\n\n\n<p class=\"has-medium-font-size\">Die Wappenseite zeigt als zentrales Emblem auf dunkelblauem Brillantsamt das Wulfener Wappen, \u201eeinen silbernen, rechts- gerichteten Wolfskopf mit Hals, im blauen Feld\u201c, wie es in der Genehmigung zum F\u00fchren des Wappens vom 17. 9. 1929 hei\u00dft. Der Vereinsname Heimatverein Wulfen 1922 e.V. in Goldmetall- stickerei umschlie\u00dft den Wappenschild. An den L\u00e4ngsseiten der Fahne sind die Worte Brauchtum \u2013 Tradition \u2013 Heimat \u2013 Wulfen, ebenfalls goldfarbig gestickt, lesbar.<\/p>\n\n\n\n<div class=\"wp-block-image\"><figure class=\"aligncenter\"><a href=\"https:\/\/heimatverein-wulfen.de\/wp01\/wp-content\/uploads\/2016\/04\/Fahne_017.jpg\" rel=\"lightbox[35]\"><img loading=\"lazy\" decoding=\"async\" width=\"802\" height=\"248\" src=\"https:\/\/heimatverein-wulfen.de\/wp01\/wp-content\/uploads\/2016\/04\/Fahne_017.jpg\" alt=\"Fahne_017\" class=\"wp-image-255\" srcset=\"https:\/\/heimatverein-wulfen.de\/wp01\/wp-content\/uploads\/2016\/04\/Fahne_017.jpg 802w, https:\/\/heimatverein-wulfen.de\/wp01\/wp-content\/uploads\/2016\/04\/Fahne_017-300x93.jpg 300w, https:\/\/heimatverein-wulfen.de\/wp01\/wp-content\/uploads\/2016\/04\/Fahne_017-768x237.jpg 768w\" sizes=\"auto, (max-width: 802px) 100vw, 802px\" \/><\/a><\/figure><\/div>\n\n\n\n<p class=\"has-medium-font-size\">In die vier Ecken dieser Fahnenseite sind die Wappen von Deutschland, Nordrhein-Westfalen, Dorsten und der Herrlichkeit Lembeck eingef\u00fcgt. Damit ist auch Bezug genommen auf die geschichtliche und aktuelle kommunale Zugeh\u00f6rigkeit unseres Heimatortes.<\/p>\n\n\n\n<p class=\"has-medium-font-size\">Die Einweihung der Fahne erfolgte am \u201eTag der offenen T\u00fcr\u201c auf dem Vereinsgel\u00e4nde des Heimatvereins mit Flachsr\u00f6sthaus, Rh\u00f6nweg, am 24. Juni 2007 durch Pater Rainer (in Vertr. Pfarrer Siegbert Hellkuhl, Kath. Kirchengemeinde St. Matth\u00e4us) und Pfarrer G\u00fcnther Kr\u00fcger (Ev. Kirchen- gemeinde Hervest &#8211; Wulfen) im Anschluss an einen dort gehaltenen Feldgottesdienst der Kath. Kirchengemeinde St. Matth\u00e4us Wulfen.<\/p>\n\n\n\n<p class=\"has-medium-font-size\">Im Vertrauen auf die Zukunft m\u00f6ge die Fahne, mit ihren auf den Heimatverein und unseren Heimatort Wulfen bezogenen Motiven, treuer Begleiter unseres Vereinslebens sein. Allen, die durch ihre finanzielle Unterst\u00fctzung und andere f\u00f6rdernde Aktionen die Anschaffung dieser Fahne erm\u00f6glicht haben, sei an dieser Stelle ganz herzlich gedankt.<\/p>\n\n\n\n<p class=\"has-medium-font-size\">Heimatverein Wulfen 1922 e.V.<br>Juni 2007<br>Johannes Kr\u00fcmpel (1. Vorsitzender)<br>Willi Duwenbeck (Geschichtsgruppe)<\/p>\n","protected":false},"excerpt":{"rendered":"<p>Brauchtum &#8211; Tradition &#8211; Heimat &#8211; Wulfen Der Heimatverein Wulfen 1922 e.V. besteht seit 85 Jahren und hat sich in dieser Zeit zu einem Traditionsverein entwickelt, der in der Wulfener<\/p>\n<p><a href=\"https:\/\/heimatverein-wulfen.de\/wp01\/ueber-uns\/vereinsfahne\/\" class=\"more-link themebutton\">Read More<\/a><\/p>\n","protected":false},"author":4,"featured_media":0,"parent":33,"menu_order":1,"comment_status":"closed","ping_status":"closed","template":"","meta":{"_cbd_carousel_blocks":"[]","footnotes":""},"class_list":["post-35","page","type-page","status-publish","hentry"],"publishpress_future_action":{"enabled":false,"date":"2026-05-07 13:53:13","action":"change-status","newStatus":"draft","terms":[],"taxonomy":"","extraData":[]},"publishpress_future_workflow_manual_trigger":{"enabledWorkflows":[]},"_links":{"self":[{"href":"https:\/\/heimatverein-wulfen.de\/wp01\/wp-json\/wp\/v2\/pages\/35","targetHints":{"allow":["GET"]}}],"collection":[{"href":"https:\/\/heimatverein-wulfen.de\/wp01\/wp-json\/wp\/v2\/pages"}],"about":[{"href":"https:\/\/heimatverein-wulfen.de\/wp01\/wp-json\/wp\/v2\/types\/page"}],"author":[{"embeddable":true,"href":"https:\/\/heimatverein-wulfen.de\/wp01\/wp-json\/wp\/v2\/users\/4"}],"replies":[{"embeddable":true,"href":"https:\/\/heimatverein-wulfen.de\/wp01\/wp-json\/wp\/v2\/comments?post=35"}],"version-history":[{"count":32,"href":"https:\/\/heimatverein-wulfen.de\/wp01\/wp-json\/wp\/v2\/pages\/35\/revisions"}],"predecessor-version":[{"id":8053,"href":"https:\/\/heimatverein-wulfen.de\/wp01\/wp-json\/wp\/v2\/pages\/35\/revisions\/8053"}],"up":[{"embeddable":true,"href":"https:\/\/heimatverein-wulfen.de\/wp01\/wp-json\/wp\/v2\/pages\/33"}],"wp:attachment":[{"href":"https:\/\/heimatverein-wulfen.de\/wp01\/wp-json\/wp\/v2\/media?parent=35"}],"curies":[{"name":"wp","href":"https:\/\/api.w.org\/{rel}","templated":true}]}}