{"id":74,"date":"2016-04-05T17:15:02","date_gmt":"2016-04-05T15:15:02","guid":{"rendered":"http:\/\/192.168.2.231\/wp01\/?page_id=74"},"modified":"2022-11-09T23:19:28","modified_gmt":"2022-11-09T22:19:28","slug":"radfahrgruppe","status":"publish","type":"page","link":"https:\/\/heimatverein-wulfen.de\/wp01\/gruppen\/radfahrgruppe\/","title":{"rendered":"Radfahrgruppe"},"content":{"rendered":"\n<figure class=\"wp-block-image is-resized\"><a href=\"https:\/\/heimatverein-wulfen.de\/wp01\/wp-content\/uploads\/2017\/01\/Rad_001-e1484772431693.jpg\" rel=\"lightbox[74]\"><img loading=\"lazy\" decoding=\"async\" src=\"https:\/\/heimatverein-wulfen.de\/wp01\/wp-content\/uploads\/2017\/01\/Rad_001-e1484772431693.jpg\" alt=\"\" class=\"wp-image-2608\" width=\"699\" height=\"481\"\/><\/a><\/figure>\n\n\n\n<p class=\"has-medium-font-size\"><strong>Treffen:<\/strong> 14-t\u00e4gig donnerstags um 14:00 Uhr ab Heimathaus<br><strong>Gruppensprecher:<\/strong><br>Wolfgang Tanaskovic<\/p>\n\n\n<div class=\"wp-block-image\">\n<figure class=\"alignleft size-full is-resized\"><a href=\"https:\/\/heimatverein-wulfen.de\/wp01\/wp-content\/uploads\/2022\/11\/Radfahren_Plakat_2023_001.jpg\" rel=\"lightbox[74]\"><img loading=\"lazy\" decoding=\"async\" src=\"https:\/\/heimatverein-wulfen.de\/wp01\/wp-content\/uploads\/2022\/11\/Radfahren_Plakat_2023_001.jpg\" alt=\"\" class=\"wp-image-9675\" width=\"248\" height=\"350\" srcset=\"https:\/\/heimatverein-wulfen.de\/wp01\/wp-content\/uploads\/2022\/11\/Radfahren_Plakat_2023_001.jpg 495w, https:\/\/heimatverein-wulfen.de\/wp01\/wp-content\/uploads\/2022\/11\/Radfahren_Plakat_2023_001-212x300.jpg 212w\" sizes=\"auto, (max-width: 248px) 100vw, 248px\" \/><\/a><\/figure>\n<\/div>\n\n\n<p class=\"has-medium-font-size\">Im 14t\u00e4gigen Rhythmus treffen sich Donnerstags Teilnehmer der Radfahrgruppe um gemeinsam Radtouren zu bestreiten.<br>Die erste Ausfahrt 2023 erfolgt am Donnerstag dem 13. April 2023.<br>In den letzten Jahren nahmen regelm\u00e4\u00dfig zwischen 9 und 46 Teilnehmer an diesen Radtouren teil. Die L\u00e4nge einer Tour betrug, je nach Jahreszeit, zwischen 35 und 50 km.<\/p>\n\n\n\n<p><\/p>\n\n\n\n<p><\/p>\n\n\n\n<p><\/p>\n","protected":false},"excerpt":{"rendered":"<p>Treffen: 14-t\u00e4gig donnerstags um 14:00 Uhr ab HeimathausGruppensprecher:Wolfgang Tanaskovic Im 14t\u00e4gigen Rhythmus treffen sich Donnerstags Teilnehmer der Radfahrgruppe um gemeinsam Radtouren zu bestreiten.Die erste Ausfahrt 2023 erfolgt am Donnerstag dem<\/p>\n<p><a href=\"https:\/\/heimatverein-wulfen.de\/wp01\/gruppen\/radfahrgruppe\/\" class=\"more-link themebutton\">Read More<\/a><\/p>\n","protected":false},"author":4,"featured_media":0,"parent":60,"menu_order":0,"comment_status":"closed","ping_status":"closed","template":"","meta":{"_cbd_carousel_blocks":"[]","footnotes":""},"class_list":["post-74","page","type-page","status-publish","hentry"],"publishpress_future_action":{"enabled":false,"date":"2026-05-05 14:07:10","action":"change-status","newStatus":"draft","terms":[],"taxonomy":"","extraData":[]},"publishpress_future_workflow_manual_trigger":{"enabledWorkflows":[]},"_links":{"self":[{"href":"https:\/\/heimatverein-wulfen.de\/wp01\/wp-json\/wp\/v2\/pages\/74","targetHints":{"allow":["GET"]}}],"collection":[{"href":"https:\/\/heimatverein-wulfen.de\/wp01\/wp-json\/wp\/v2\/pages"}],"about":[{"href":"https:\/\/heimatverein-wulfen.de\/wp01\/wp-json\/wp\/v2\/types\/page"}],"author":[{"embeddable":true,"href":"https:\/\/heimatverein-wulfen.de\/wp01\/wp-json\/wp\/v2\/users\/4"}],"replies":[{"embeddable":true,"href":"https:\/\/heimatverein-wulfen.de\/wp01\/wp-json\/wp\/v2\/comments?post=74"}],"version-history":[{"count":38,"href":"https:\/\/heimatverein-wulfen.de\/wp01\/wp-json\/wp\/v2\/pages\/74\/revisions"}],"predecessor-version":[{"id":10620,"href":"https:\/\/heimatverein-wulfen.de\/wp01\/wp-json\/wp\/v2\/pages\/74\/revisions\/10620"}],"up":[{"embeddable":true,"href":"https:\/\/heimatverein-wulfen.de\/wp01\/wp-json\/wp\/v2\/pages\/60"}],"wp:attachment":[{"href":"https:\/\/heimatverein-wulfen.de\/wp01\/wp-json\/wp\/v2\/media?parent=74"}],"curies":[{"name":"wp","href":"https:\/\/api.w.org\/{rel}","templated":true}]}}